{"id":107,"date":"2022-06-02T08:08:25","date_gmt":"2022-06-02T06:08:25","guid":{"rendered":"https:\/\/karsten-nendel-stiftung.de\/kns\/?page_id=107"},"modified":"2022-07-05T04:34:57","modified_gmt":"2022-07-05T02:34:57","slug":"naturschutzprojekt-itzbachtal","status":"publish","type":"page","link":"https:\/\/karsten-nendel-stiftung.de\/kns\/projekte\/naturschutzprojekt-itzbachtal\/","title":{"rendered":"Naturschutzprojekt Itzbachtal"},"content":{"rendered":"\n<p>Im westlichen Saarland, in der rund 15.000 Einwohner z\u00e4hlenden Gemeinde Rehlingen-Siersburg (Landkreis Saarlouis), unweit der Landesgrenze zu Frankreich, ist ein weiteres Projekt der Karsten Nendel Stiftung angesiedelt.<\/p>\n\n\n\n<p>An der Nahtstelle des Siedlungsraumes des Dorfes Itzbach zu den naturr\u00e4umlichen Landschaften im sogenannten \u2018Itzbachtal\u2018, benannt nach dem kleinen Bach, der hier seinen Lauf nimmt, ist die Stiftung beginnend mit ersten Vorplanungen seit 2018 t\u00e4tig.<\/p>\n\n\n\n<p>Unter dem Titel&nbsp; \u201e\u00d6KOLOGISCHE AUFWERTUNG DES ITZBACHTALS\u201c&nbsp; hat im Sommer des Jahres 2020 konkret und praktisch die Arbeit an dem Projekt begonnen.<\/p>\n\n\n\n<p>Konkrete Zielsetzung des Vorhabens ist es, im Wege einer m\u00f6glichst extensiven Nutzung der Fl\u00e4chen, etwa als Streuobstwiesen oder Tier-Weideareale, einer wilden Verbuschung der Tallagen entgegen zu wirken. \u00d6ffnung und Offenhaltung vormals verbuschter Brachfl\u00e4chen erschlie\u00dfen die Voraussetzung daf\u00fcr, dass sich in der Vielfalt landschaftlicher Strukturen auch die Vielfalt der Arten im Pflanzen- und Tierbestand mehrt.<\/p>\n\n\n\n<p>Im Einvernehmen mit dem Ministerium f\u00fcr Umwelt, dem Landesamt f\u00fcr Umwelt und Arbeitsschutz und der Gemeinde Rehlingen-Siersburg ist \u2013 veranlasst durch die Stiftung \u2013 ein landschaftspflegerisches Entwicklungskonzept f\u00fcr das \u2018Itzbachtal\u2018 fachkundig und wissenschaftlich basiert erarbeitet worden, mit dem Ziel, den gesamt\u00f6kologischen Wert dieses Naturraumes zu mehren zum Wohle der Pflanzen- und Tierwelt und letztlich zum Wohle des Menschen.<\/p>\n\n\n\n<p>Inzwischen sind die ersten Teilfl\u00e4chen der Gesamtlage von Verbuschung freigestellt worden. Es wurden Obstb\u00e4ume \u2013 heimische und urspr\u00fcngliche Sorten \u2013 in neuen Streuobstanlagen gepflanzt. Wichtiger Aktivposten in der Arbeit, offene Kulturlandschaften zu erhalten, ist eine kleine Schafherde, diese wird durch eine Kleine Herde Ziegen und Rinder bei der Abweidung der Gr\u00fcnfl\u00e4chen unterst\u00fctzt.<\/p>\n\n\n\n<p>Ein weiteres Teil-Projekt ist der Ausbau und der nachhaltige Schutz von Habitaten von Amphibien und von Eidechsen. Hierzu wurden erste Trockenmauern errichtet und zuvor versch\u00fcttete Teiche wieder hergestellt.<\/p>\n\n\n\n<p>Im August 2022 folgt, als kleines Highlight, ein Jugendworkshop w\u00e4hrend dessen weitere Eidechsen-Burgen entstehen sollen (mehr Infos hierzu<a href=\"https:\/\/www.ijgd.de\/workcamps\/workcampsuche\/camp\/ijgd_22338\" target=\"_blank\" rel=\"noreferrer noopener\"> hier<\/a>). <\/p>\n\n\n\n<figure class=\"wp-block-gallery has-nested-images columns-default is-cropped wp-block-gallery-1 is-layout-flex wp-block-gallery-is-layout-flex\">\n<figure class=\"wp-block-image size-large\"><a href=\"https:\/\/karsten-nendel-stiftung.de\/kns\/wp-content\/uploads\/2022\/06\/Itzbachtal12.jpg\" data-lbwps-width=\"1024\" data-lbwps-height=\"806\" data-lbwps-srcsmall=\"https:\/\/karsten-nendel-stiftung.de\/kns\/wp-content\/uploads\/2022\/06\/Itzbachtal12-300x236.jpg\"><img loading=\"lazy\" decoding=\"async\" width=\"1024\" height=\"806\" data-id=\"89\" src=\"https:\/\/karsten-nendel-stiftung.de\/kns\/wp-content\/uploads\/2022\/06\/Itzbachtal12.jpg\" alt=\"\" class=\"wp-image-89\" srcset=\"https:\/\/karsten-nendel-stiftung.de\/kns\/wp-content\/uploads\/2022\/06\/Itzbachtal12.jpg 1024w, https:\/\/karsten-nendel-stiftung.de\/kns\/wp-content\/uploads\/2022\/06\/Itzbachtal12-600x472.jpg 600w, https:\/\/karsten-nendel-stiftung.de\/kns\/wp-content\/uploads\/2022\/06\/Itzbachtal12-300x236.jpg 300w, https:\/\/karsten-nendel-stiftung.de\/kns\/wp-content\/uploads\/2022\/06\/Itzbachtal12-768x605.jpg 768w\" sizes=\"auto, (max-width: 1024px) 100vw, 1024px\" \/><\/a><\/figure>\n\n\n\n<figure class=\"wp-block-image size-large\"><a href=\"https:\/\/karsten-nendel-stiftung.de\/kns\/wp-content\/uploads\/2022\/06\/Itzbachtal9.jpg\" data-lbwps-width=\"1024\" data-lbwps-height=\"622\" data-lbwps-srcsmall=\"https:\/\/karsten-nendel-stiftung.de\/kns\/wp-content\/uploads\/2022\/06\/Itzbachtal9-300x182.jpg\"><img loading=\"lazy\" decoding=\"async\" width=\"1024\" height=\"622\" data-id=\"90\" src=\"https:\/\/karsten-nendel-stiftung.de\/kns\/wp-content\/uploads\/2022\/06\/Itzbachtal9.jpg\" alt=\"\" class=\"wp-image-90\" srcset=\"https:\/\/karsten-nendel-stiftung.de\/kns\/wp-content\/uploads\/2022\/06\/Itzbachtal9.jpg 1024w, https:\/\/karsten-nendel-stiftung.de\/kns\/wp-content\/uploads\/2022\/06\/Itzbachtal9-600x364.jpg 600w, https:\/\/karsten-nendel-stiftung.de\/kns\/wp-content\/uploads\/2022\/06\/Itzbachtal9-300x182.jpg 300w, https:\/\/karsten-nendel-stiftung.de\/kns\/wp-content\/uploads\/2022\/06\/Itzbachtal9-768x467.jpg 768w\" sizes=\"auto, (max-width: 1024px) 100vw, 1024px\" \/><\/a><\/figure>\n\n\n\n<figure class=\"wp-block-image size-large\"><a href=\"https:\/\/karsten-nendel-stiftung.de\/kns\/wp-content\/uploads\/2022\/06\/Itzbachtal10.jpg\" data-lbwps-width=\"1024\" data-lbwps-height=\"488\" data-lbwps-srcsmall=\"https:\/\/karsten-nendel-stiftung.de\/kns\/wp-content\/uploads\/2022\/06\/Itzbachtal10-300x143.jpg\"><img loading=\"lazy\" decoding=\"async\" width=\"1024\" height=\"488\" data-id=\"91\" src=\"https:\/\/karsten-nendel-stiftung.de\/kns\/wp-content\/uploads\/2022\/06\/Itzbachtal10.jpg\" alt=\"\" class=\"wp-image-91\" srcset=\"https:\/\/karsten-nendel-stiftung.de\/kns\/wp-content\/uploads\/2022\/06\/Itzbachtal10.jpg 1024w, https:\/\/karsten-nendel-stiftung.de\/kns\/wp-content\/uploads\/2022\/06\/Itzbachtal10-600x286.jpg 600w, https:\/\/karsten-nendel-stiftung.de\/kns\/wp-content\/uploads\/2022\/06\/Itzbachtal10-300x143.jpg 300w, https:\/\/karsten-nendel-stiftung.de\/kns\/wp-content\/uploads\/2022\/06\/Itzbachtal10-768x366.jpg 768w\" sizes=\"auto, (max-width: 1024px) 100vw, 1024px\" \/><\/a><\/figure>\n\n\n\n<figure class=\"wp-block-image size-large\"><a href=\"https:\/\/karsten-nendel-stiftung.de\/kns\/wp-content\/uploads\/2022\/06\/Itzbachtal11.jpg\" data-lbwps-width=\"1024\" data-lbwps-height=\"580\" data-lbwps-srcsmall=\"https:\/\/karsten-nendel-stiftung.de\/kns\/wp-content\/uploads\/2022\/06\/Itzbachtal11-300x170.jpg\"><img loading=\"lazy\" decoding=\"async\" width=\"1024\" height=\"580\" data-id=\"92\" src=\"https:\/\/karsten-nendel-stiftung.de\/kns\/wp-content\/uploads\/2022\/06\/Itzbachtal11.jpg\" alt=\"\" class=\"wp-image-92\" srcset=\"https:\/\/karsten-nendel-stiftung.de\/kns\/wp-content\/uploads\/2022\/06\/Itzbachtal11.jpg 1024w, https:\/\/karsten-nendel-stiftung.de\/kns\/wp-content\/uploads\/2022\/06\/Itzbachtal11-600x340.jpg 600w, https:\/\/karsten-nendel-stiftung.de\/kns\/wp-content\/uploads\/2022\/06\/Itzbachtal11-300x170.jpg 300w, https:\/\/karsten-nendel-stiftung.de\/kns\/wp-content\/uploads\/2022\/06\/Itzbachtal11-768x435.jpg 768w\" sizes=\"auto, (max-width: 1024px) 100vw, 1024px\" \/><\/a><\/figure>\n\n\n\n<figure class=\"wp-block-image size-large\"><a href=\"https:\/\/karsten-nendel-stiftung.de\/kns\/wp-content\/uploads\/2022\/06\/Itzbachtal5.jpg\" data-lbwps-width=\"1024\" data-lbwps-height=\"768\" data-lbwps-srcsmall=\"https:\/\/karsten-nendel-stiftung.de\/kns\/wp-content\/uploads\/2022\/06\/Itzbachtal5-300x225.jpg\"><img loading=\"lazy\" decoding=\"async\" width=\"1024\" height=\"768\" data-id=\"77\" src=\"https:\/\/karsten-nendel-stiftung.de\/kns\/wp-content\/uploads\/2022\/06\/Itzbachtal5.jpg\" alt=\"\" class=\"wp-image-77\" srcset=\"https:\/\/karsten-nendel-stiftung.de\/kns\/wp-content\/uploads\/2022\/06\/Itzbachtal5.jpg 1024w, https:\/\/karsten-nendel-stiftung.de\/kns\/wp-content\/uploads\/2022\/06\/Itzbachtal5-600x450.jpg 600w, https:\/\/karsten-nendel-stiftung.de\/kns\/wp-content\/uploads\/2022\/06\/Itzbachtal5-300x225.jpg 300w, https:\/\/karsten-nendel-stiftung.de\/kns\/wp-content\/uploads\/2022\/06\/Itzbachtal5-768x576.jpg 768w\" sizes=\"auto, (max-width: 1024px) 100vw, 1024px\" \/><\/a><\/figure>\n\n\n\n<figure class=\"wp-block-image size-large\"><a href=\"https:\/\/karsten-nendel-stiftung.de\/kns\/wp-content\/uploads\/2022\/06\/Itzbachtal6.jpg\" data-lbwps-width=\"768\" data-lbwps-height=\"1024\" data-lbwps-srcsmall=\"https:\/\/karsten-nendel-stiftung.de\/kns\/wp-content\/uploads\/2022\/06\/Itzbachtal6-225x300.jpg\"><img loading=\"lazy\" decoding=\"async\" width=\"768\" height=\"1024\" data-id=\"78\" src=\"https:\/\/karsten-nendel-stiftung.de\/kns\/wp-content\/uploads\/2022\/06\/Itzbachtal6.jpg\" alt=\"\" class=\"wp-image-78\" srcset=\"https:\/\/karsten-nendel-stiftung.de\/kns\/wp-content\/uploads\/2022\/06\/Itzbachtal6.jpg 768w, https:\/\/karsten-nendel-stiftung.de\/kns\/wp-content\/uploads\/2022\/06\/Itzbachtal6-600x800.jpg 600w, https:\/\/karsten-nendel-stiftung.de\/kns\/wp-content\/uploads\/2022\/06\/Itzbachtal6-225x300.jpg 225w\" sizes=\"auto, (max-width: 768px) 100vw, 768px\" \/><\/a><\/figure>\n\n\n\n<figure class=\"wp-block-image size-large\"><a href=\"https:\/\/karsten-nendel-stiftung.de\/kns\/wp-content\/uploads\/2022\/06\/Itzbachtal7.jpg\" data-lbwps-width=\"1024\" data-lbwps-height=\"768\" data-lbwps-srcsmall=\"https:\/\/karsten-nendel-stiftung.de\/kns\/wp-content\/uploads\/2022\/06\/Itzbachtal7-300x225.jpg\"><img loading=\"lazy\" decoding=\"async\" width=\"1024\" height=\"768\" data-id=\"81\" src=\"https:\/\/karsten-nendel-stiftung.de\/kns\/wp-content\/uploads\/2022\/06\/Itzbachtal7.jpg\" alt=\"\" class=\"wp-image-81\" srcset=\"https:\/\/karsten-nendel-stiftung.de\/kns\/wp-content\/uploads\/2022\/06\/Itzbachtal7.jpg 1024w, https:\/\/karsten-nendel-stiftung.de\/kns\/wp-content\/uploads\/2022\/06\/Itzbachtal7-600x450.jpg 600w, https:\/\/karsten-nendel-stiftung.de\/kns\/wp-content\/uploads\/2022\/06\/Itzbachtal7-300x225.jpg 300w, https:\/\/karsten-nendel-stiftung.de\/kns\/wp-content\/uploads\/2022\/06\/Itzbachtal7-768x576.jpg 768w\" sizes=\"auto, (max-width: 1024px) 100vw, 1024px\" \/><\/a><\/figure>\n\n\n\n<figure class=\"wp-block-image size-large\"><a href=\"https:\/\/karsten-nendel-stiftung.de\/kns\/wp-content\/uploads\/2022\/06\/Itzbachtal8.jpg\" data-lbwps-width=\"480\" data-lbwps-height=\"640\" data-lbwps-srcsmall=\"https:\/\/karsten-nendel-stiftung.de\/kns\/wp-content\/uploads\/2022\/06\/Itzbachtal8-225x300.jpg\"><img loading=\"lazy\" decoding=\"async\" width=\"480\" height=\"640\" data-id=\"84\" src=\"https:\/\/karsten-nendel-stiftung.de\/kns\/wp-content\/uploads\/2022\/06\/Itzbachtal8.jpg\" alt=\"\" class=\"wp-image-84\" srcset=\"https:\/\/karsten-nendel-stiftung.de\/kns\/wp-content\/uploads\/2022\/06\/Itzbachtal8.jpg 480w, https:\/\/karsten-nendel-stiftung.de\/kns\/wp-content\/uploads\/2022\/06\/Itzbachtal8-225x300.jpg 225w\" sizes=\"auto, (max-width: 480px) 100vw, 480px\" \/><\/a><\/figure>\n\n\n\n<figure class=\"wp-block-image size-large\"><a href=\"https:\/\/karsten-nendel-stiftung.de\/kns\/wp-content\/uploads\/2022\/06\/Itzbachtal2.jpg\" data-lbwps-width=\"1024\" data-lbwps-height=\"768\" data-lbwps-srcsmall=\"https:\/\/karsten-nendel-stiftung.de\/kns\/wp-content\/uploads\/2022\/06\/Itzbachtal2-300x225.jpg\"><img loading=\"lazy\" decoding=\"async\" width=\"1024\" height=\"768\" data-id=\"69\" src=\"https:\/\/karsten-nendel-stiftung.de\/kns\/wp-content\/uploads\/2022\/06\/Itzbachtal2.jpg\" alt=\"\" class=\"wp-image-69\" srcset=\"https:\/\/karsten-nendel-stiftung.de\/kns\/wp-content\/uploads\/2022\/06\/Itzbachtal2.jpg 1024w, https:\/\/karsten-nendel-stiftung.de\/kns\/wp-content\/uploads\/2022\/06\/Itzbachtal2-600x450.jpg 600w, https:\/\/karsten-nendel-stiftung.de\/kns\/wp-content\/uploads\/2022\/06\/Itzbachtal2-300x225.jpg 300w, https:\/\/karsten-nendel-stiftung.de\/kns\/wp-content\/uploads\/2022\/06\/Itzbachtal2-768x576.jpg 768w\" sizes=\"auto, (max-width: 1024px) 100vw, 1024px\" \/><\/a><\/figure>\n\n\n\n<figure class=\"wp-block-image size-large\"><a href=\"https:\/\/karsten-nendel-stiftung.de\/kns\/wp-content\/uploads\/2022\/06\/Itzbachtal3.jpg\" data-lbwps-width=\"248\" data-lbwps-height=\"330\" data-lbwps-srcsmall=\"https:\/\/karsten-nendel-stiftung.de\/kns\/wp-content\/uploads\/2022\/06\/Itzbachtal3-225x300.jpg\"><img loading=\"lazy\" decoding=\"async\" width=\"248\" height=\"330\" data-id=\"67\" src=\"https:\/\/karsten-nendel-stiftung.de\/kns\/wp-content\/uploads\/2022\/06\/Itzbachtal3.jpg\" alt=\"\" class=\"wp-image-67\" srcset=\"https:\/\/karsten-nendel-stiftung.de\/kns\/wp-content\/uploads\/2022\/06\/Itzbachtal3.jpg 248w, https:\/\/karsten-nendel-stiftung.de\/kns\/wp-content\/uploads\/2022\/06\/Itzbachtal3-225x300.jpg 225w\" sizes=\"auto, (max-width: 248px) 100vw, 248px\" \/><\/a><\/figure>\n\n\n\n<figure class=\"wp-block-image size-large\"><a href=\"https:\/\/karsten-nendel-stiftung.de\/kns\/wp-content\/uploads\/2022\/06\/Itzbachtal4.jpg\" data-lbwps-width=\"1024\" data-lbwps-height=\"768\" data-lbwps-srcsmall=\"https:\/\/karsten-nendel-stiftung.de\/kns\/wp-content\/uploads\/2022\/06\/Itzbachtal4-300x225.jpg\"><img loading=\"lazy\" decoding=\"async\" width=\"1024\" height=\"768\" data-id=\"73\" src=\"https:\/\/karsten-nendel-stiftung.de\/kns\/wp-content\/uploads\/2022\/06\/Itzbachtal4.jpg\" alt=\"\" class=\"wp-image-73\" srcset=\"https:\/\/karsten-nendel-stiftung.de\/kns\/wp-content\/uploads\/2022\/06\/Itzbachtal4.jpg 1024w, https:\/\/karsten-nendel-stiftung.de\/kns\/wp-content\/uploads\/2022\/06\/Itzbachtal4-600x450.jpg 600w, https:\/\/karsten-nendel-stiftung.de\/kns\/wp-content\/uploads\/2022\/06\/Itzbachtal4-300x225.jpg 300w, https:\/\/karsten-nendel-stiftung.de\/kns\/wp-content\/uploads\/2022\/06\/Itzbachtal4-768x576.jpg 768w\" sizes=\"auto, (max-width: 1024px) 100vw, 1024px\" \/><\/a><\/figure>\n\n\n\n<figure class=\"wp-block-image size-large\"><a href=\"https:\/\/karsten-nendel-stiftung.de\/kns\/wp-content\/uploads\/2022\/05\/Streuobstwiese1.jpg\" data-lbwps-width=\"1024\" data-lbwps-height=\"768\" data-lbwps-srcsmall=\"https:\/\/karsten-nendel-stiftung.de\/kns\/wp-content\/uploads\/2022\/05\/Streuobstwiese1-300x225.jpg\"><img loading=\"lazy\" decoding=\"async\" width=\"1024\" height=\"768\" data-id=\"27\" src=\"https:\/\/karsten-nendel-stiftung.de\/kns\/wp-content\/uploads\/2022\/05\/Streuobstwiese1.jpg\" alt=\"\" class=\"wp-image-27\" srcset=\"https:\/\/karsten-nendel-stiftung.de\/kns\/wp-content\/uploads\/2022\/05\/Streuobstwiese1.jpg 1024w, https:\/\/karsten-nendel-stiftung.de\/kns\/wp-content\/uploads\/2022\/05\/Streuobstwiese1-600x450.jpg 600w, https:\/\/karsten-nendel-stiftung.de\/kns\/wp-content\/uploads\/2022\/05\/Streuobstwiese1-300x225.jpg 300w, https:\/\/karsten-nendel-stiftung.de\/kns\/wp-content\/uploads\/2022\/05\/Streuobstwiese1-768x576.jpg 768w\" sizes=\"auto, (max-width: 1024px) 100vw, 1024px\" \/><\/a><\/figure>\n<\/figure>\n","protected":false},"excerpt":{"rendered":"<p>Im westlichen Saarland, in der rund 15.000 Einwohner z\u00e4hlenden Gemeinde Rehlingen-Siersburg (Landkreis Saarlouis), unweit der Landesgrenze zu Frankreich, ist ein weiteres Projekt der Karsten Nendel Stiftung angesiedelt. An der Nahtstelle des Siedlungsraumes des Dorfes Itzbach zu den naturr\u00e4umlichen Landschaften im sogenannten \u2018Itzbachtal\u2018, benannt nach&#8230;<\/p>\n","protected":false},"author":2,"featured_media":0,"parent":41,"menu_order":0,"comment_status":"closed","ping_status":"closed","template":"","meta":{"give_campaign_id":0,"two_page_speed":[],"footnotes":""},"class_list":["post-107","page","type-page","status-publish","hentry"],"yoast_head":"<!-- This site is optimized with the Yoast SEO plugin v27.5 - https:\/\/yoast.com\/product\/yoast-seo-wordpress\/ -->\n<title>Naturschutzprojekt Itzbachtal - Karsten-Nendel-Stiftung<\/title>\n<meta name=\"robots\" content=\"index, follow, max-snippet:-1, max-image-preview:large, max-video-preview:-1\" \/>\n<link rel=\"canonical\" href=\"https:\/\/karsten-nendel-stiftung.de\/kns\/projekte\/naturschutzprojekt-itzbachtal\/\" \/>\n<meta property=\"og:locale\" content=\"de_DE\" \/>\n<meta property=\"og:type\" content=\"article\" \/>\n<meta property=\"og:title\" content=\"Naturschutzprojekt Itzbachtal - Karsten-Nendel-Stiftung\" \/>\n<meta property=\"og:description\" content=\"Im westlichen Saarland, in der rund 15.000 Einwohner z\u00e4hlenden Gemeinde Rehlingen-Siersburg (Landkreis Saarlouis), unweit der Landesgrenze zu Frankreich, ist ein weiteres Projekt der Karsten Nendel Stiftung angesiedelt. An der Nahtstelle des Siedlungsraumes des Dorfes Itzbach zu den naturr\u00e4umlichen Landschaften im sogenannten \u2018Itzbachtal\u2018, benannt nach...\" \/>\n<meta property=\"og:url\" content=\"https:\/\/karsten-nendel-stiftung.de\/kns\/projekte\/naturschutzprojekt-itzbachtal\/\" \/>\n<meta property=\"og:site_name\" content=\"Karsten-Nendel-Stiftung\" \/>\n<meta property=\"article:modified_time\" content=\"2022-07-05T02:34:57+00:00\" \/>\n<meta property=\"og:image\" content=\"https:\/\/karsten-nendel-stiftung.de\/kns\/wp-content\/uploads\/2022\/06\/Itzbachtal12.jpg\" \/>\n<meta name=\"twitter:card\" content=\"summary_large_image\" \/>\n<meta name=\"twitter:label1\" content=\"Gesch\u00e4tzte Lesezeit\" \/>\n\t<meta name=\"twitter:data1\" content=\"2\u00a0Minuten\" \/>\n<script type=\"application\/ld+json\" class=\"yoast-schema-graph\">{\"@context\":\"https:\\\/\\\/schema.org\",\"@graph\":[{\"@type\":\"WebPage\",\"@id\":\"https:\\\/\\\/karsten-nendel-stiftung.de\\\/kns\\\/projekte\\\/naturschutzprojekt-itzbachtal\\\/\",\"url\":\"https:\\\/\\\/karsten-nendel-stiftung.de\\\/kns\\\/projekte\\\/naturschutzprojekt-itzbachtal\\\/\",\"name\":\"Naturschutzprojekt Itzbachtal - Karsten-Nendel-Stiftung\",\"isPartOf\":{\"@id\":\"https:\\\/\\\/karsten-nendel-stiftung.de\\\/kns\\\/#website\"},\"primaryImageOfPage\":{\"@id\":\"https:\\\/\\\/karsten-nendel-stiftung.de\\\/kns\\\/projekte\\\/naturschutzprojekt-itzbachtal\\\/#primaryimage\"},\"image\":{\"@id\":\"https:\\\/\\\/karsten-nendel-stiftung.de\\\/kns\\\/projekte\\\/naturschutzprojekt-itzbachtal\\\/#primaryimage\"},\"thumbnailUrl\":\"https:\\\/\\\/karsten-nendel-stiftung.de\\\/kns\\\/wp-content\\\/uploads\\\/2022\\\/06\\\/Itzbachtal12.jpg\",\"datePublished\":\"2022-06-02T06:08:25+00:00\",\"dateModified\":\"2022-07-05T02:34:57+00:00\",\"breadcrumb\":{\"@id\":\"https:\\\/\\\/karsten-nendel-stiftung.de\\\/kns\\\/projekte\\\/naturschutzprojekt-itzbachtal\\\/#breadcrumb\"},\"inLanguage\":\"de\",\"potentialAction\":[{\"@type\":\"ReadAction\",\"target\":[\"https:\\\/\\\/karsten-nendel-stiftung.de\\\/kns\\\/projekte\\\/naturschutzprojekt-itzbachtal\\\/\"]}]},{\"@type\":\"ImageObject\",\"inLanguage\":\"de\",\"@id\":\"https:\\\/\\\/karsten-nendel-stiftung.de\\\/kns\\\/projekte\\\/naturschutzprojekt-itzbachtal\\\/#primaryimage\",\"url\":\"https:\\\/\\\/karsten-nendel-stiftung.de\\\/kns\\\/wp-content\\\/uploads\\\/2022\\\/06\\\/Itzbachtal12.jpg\",\"contentUrl\":\"https:\\\/\\\/karsten-nendel-stiftung.de\\\/kns\\\/wp-content\\\/uploads\\\/2022\\\/06\\\/Itzbachtal12.jpg\",\"width\":1024,\"height\":806,\"caption\":\"Schafe Itzbachtal\"},{\"@type\":\"BreadcrumbList\",\"@id\":\"https:\\\/\\\/karsten-nendel-stiftung.de\\\/kns\\\/projekte\\\/naturschutzprojekt-itzbachtal\\\/#breadcrumb\",\"itemListElement\":[{\"@type\":\"ListItem\",\"position\":1,\"name\":\"Startseite\",\"item\":\"https:\\\/\\\/karsten-nendel-stiftung.de\\\/kns\\\/\"},{\"@type\":\"ListItem\",\"position\":2,\"name\":\"Projekte\",\"item\":\"https:\\\/\\\/karsten-nendel-stiftung.de\\\/kns\\\/projekte\\\/\"},{\"@type\":\"ListItem\",\"position\":3,\"name\":\"Naturschutzprojekt Itzbachtal\"}]},{\"@type\":\"WebSite\",\"@id\":\"https:\\\/\\\/karsten-nendel-stiftung.de\\\/kns\\\/#website\",\"url\":\"https:\\\/\\\/karsten-nendel-stiftung.de\\\/kns\\\/\",\"name\":\"Karsten-Nendel-Stiftung\",\"description\":\"Naturschutz: F\u00fcr die Natur, mit der Natur!\",\"publisher\":{\"@id\":\"https:\\\/\\\/karsten-nendel-stiftung.de\\\/kns\\\/#organization\"},\"potentialAction\":[{\"@type\":\"SearchAction\",\"target\":{\"@type\":\"EntryPoint\",\"urlTemplate\":\"https:\\\/\\\/karsten-nendel-stiftung.de\\\/kns\\\/?s={search_term_string}\"},\"query-input\":{\"@type\":\"PropertyValueSpecification\",\"valueRequired\":true,\"valueName\":\"search_term_string\"}}],\"inLanguage\":\"de\"},{\"@type\":\"Organization\",\"@id\":\"https:\\\/\\\/karsten-nendel-stiftung.de\\\/kns\\\/#organization\",\"name\":\"Karsten-Nendel-Stiftung\",\"url\":\"https:\\\/\\\/karsten-nendel-stiftung.de\\\/kns\\\/\",\"logo\":{\"@type\":\"ImageObject\",\"inLanguage\":\"de\",\"@id\":\"https:\\\/\\\/karsten-nendel-stiftung.de\\\/kns\\\/#\\\/schema\\\/logo\\\/image\\\/\",\"url\":\"https:\\\/\\\/karsten-nendel-stiftung.de\\\/kns\\\/wp-content\\\/uploads\\\/2022\\\/05\\\/logo2-1-e1655799995143.png\",\"contentUrl\":\"https:\\\/\\\/karsten-nendel-stiftung.de\\\/kns\\\/wp-content\\\/uploads\\\/2022\\\/05\\\/logo2-1-e1655799995143.png\",\"width\":350,\"height\":207,\"caption\":\"Karsten-Nendel-Stiftung\"},\"image\":{\"@id\":\"https:\\\/\\\/karsten-nendel-stiftung.de\\\/kns\\\/#\\\/schema\\\/logo\\\/image\\\/\"}}]}<\/script>\n<!-- \/ Yoast SEO plugin. -->","yoast_head_json":{"title":"Naturschutzprojekt Itzbachtal - Karsten-Nendel-Stiftung","robots":{"index":"index","follow":"follow","max-snippet":"max-snippet:-1","max-image-preview":"max-image-preview:large","max-video-preview":"max-video-preview:-1"},"canonical":"https:\/\/karsten-nendel-stiftung.de\/kns\/projekte\/naturschutzprojekt-itzbachtal\/","og_locale":"de_DE","og_type":"article","og_title":"Naturschutzprojekt Itzbachtal - Karsten-Nendel-Stiftung","og_description":"Im westlichen Saarland, in der rund 15.000 Einwohner z\u00e4hlenden Gemeinde Rehlingen-Siersburg (Landkreis Saarlouis), unweit der Landesgrenze zu Frankreich, ist ein weiteres Projekt der Karsten Nendel Stiftung angesiedelt. An der Nahtstelle des Siedlungsraumes des Dorfes Itzbach zu den naturr\u00e4umlichen Landschaften im sogenannten \u2018Itzbachtal\u2018, benannt nach...","og_url":"https:\/\/karsten-nendel-stiftung.de\/kns\/projekte\/naturschutzprojekt-itzbachtal\/","og_site_name":"Karsten-Nendel-Stiftung","article_modified_time":"2022-07-05T02:34:57+00:00","og_image":[{"url":"https:\/\/karsten-nendel-stiftung.de\/kns\/wp-content\/uploads\/2022\/06\/Itzbachtal12.jpg","type":"","width":"","height":""}],"twitter_card":"summary_large_image","twitter_misc":{"Gesch\u00e4tzte Lesezeit":"2\u00a0Minuten"},"schema":{"@context":"https:\/\/schema.org","@graph":[{"@type":"WebPage","@id":"https:\/\/karsten-nendel-stiftung.de\/kns\/projekte\/naturschutzprojekt-itzbachtal\/","url":"https:\/\/karsten-nendel-stiftung.de\/kns\/projekte\/naturschutzprojekt-itzbachtal\/","name":"Naturschutzprojekt Itzbachtal - Karsten-Nendel-Stiftung","isPartOf":{"@id":"https:\/\/karsten-nendel-stiftung.de\/kns\/#website"},"primaryImageOfPage":{"@id":"https:\/\/karsten-nendel-stiftung.de\/kns\/projekte\/naturschutzprojekt-itzbachtal\/#primaryimage"},"image":{"@id":"https:\/\/karsten-nendel-stiftung.de\/kns\/projekte\/naturschutzprojekt-itzbachtal\/#primaryimage"},"thumbnailUrl":"https:\/\/karsten-nendel-stiftung.de\/kns\/wp-content\/uploads\/2022\/06\/Itzbachtal12.jpg","datePublished":"2022-06-02T06:08:25+00:00","dateModified":"2022-07-05T02:34:57+00:00","breadcrumb":{"@id":"https:\/\/karsten-nendel-stiftung.de\/kns\/projekte\/naturschutzprojekt-itzbachtal\/#breadcrumb"},"inLanguage":"de","potentialAction":[{"@type":"ReadAction","target":["https:\/\/karsten-nendel-stiftung.de\/kns\/projekte\/naturschutzprojekt-itzbachtal\/"]}]},{"@type":"ImageObject","inLanguage":"de","@id":"https:\/\/karsten-nendel-stiftung.de\/kns\/projekte\/naturschutzprojekt-itzbachtal\/#primaryimage","url":"https:\/\/karsten-nendel-stiftung.de\/kns\/wp-content\/uploads\/2022\/06\/Itzbachtal12.jpg","contentUrl":"https:\/\/karsten-nendel-stiftung.de\/kns\/wp-content\/uploads\/2022\/06\/Itzbachtal12.jpg","width":1024,"height":806,"caption":"Schafe Itzbachtal"},{"@type":"BreadcrumbList","@id":"https:\/\/karsten-nendel-stiftung.de\/kns\/projekte\/naturschutzprojekt-itzbachtal\/#breadcrumb","itemListElement":[{"@type":"ListItem","position":1,"name":"Startseite","item":"https:\/\/karsten-nendel-stiftung.de\/kns\/"},{"@type":"ListItem","position":2,"name":"Projekte","item":"https:\/\/karsten-nendel-stiftung.de\/kns\/projekte\/"},{"@type":"ListItem","position":3,"name":"Naturschutzprojekt Itzbachtal"}]},{"@type":"WebSite","@id":"https:\/\/karsten-nendel-stiftung.de\/kns\/#website","url":"https:\/\/karsten-nendel-stiftung.de\/kns\/","name":"Karsten-Nendel-Stiftung","description":"Naturschutz: F\u00fcr die Natur, mit der Natur!","publisher":{"@id":"https:\/\/karsten-nendel-stiftung.de\/kns\/#organization"},"potentialAction":[{"@type":"SearchAction","target":{"@type":"EntryPoint","urlTemplate":"https:\/\/karsten-nendel-stiftung.de\/kns\/?s={search_term_string}"},"query-input":{"@type":"PropertyValueSpecification","valueRequired":true,"valueName":"search_term_string"}}],"inLanguage":"de"},{"@type":"Organization","@id":"https:\/\/karsten-nendel-stiftung.de\/kns\/#organization","name":"Karsten-Nendel-Stiftung","url":"https:\/\/karsten-nendel-stiftung.de\/kns\/","logo":{"@type":"ImageObject","inLanguage":"de","@id":"https:\/\/karsten-nendel-stiftung.de\/kns\/#\/schema\/logo\/image\/","url":"https:\/\/karsten-nendel-stiftung.de\/kns\/wp-content\/uploads\/2022\/05\/logo2-1-e1655799995143.png","contentUrl":"https:\/\/karsten-nendel-stiftung.de\/kns\/wp-content\/uploads\/2022\/05\/logo2-1-e1655799995143.png","width":350,"height":207,"caption":"Karsten-Nendel-Stiftung"},"image":{"@id":"https:\/\/karsten-nendel-stiftung.de\/kns\/#\/schema\/logo\/image\/"}}]}},"campaignId":"","_links":{"self":[{"href":"https:\/\/karsten-nendel-stiftung.de\/kns\/wp-json\/wp\/v2\/pages\/107","targetHints":{"allow":["GET"]}}],"collection":[{"href":"https:\/\/karsten-nendel-stiftung.de\/kns\/wp-json\/wp\/v2\/pages"}],"about":[{"href":"https:\/\/karsten-nendel-stiftung.de\/kns\/wp-json\/wp\/v2\/types\/page"}],"author":[{"embeddable":true,"href":"https:\/\/karsten-nendel-stiftung.de\/kns\/wp-json\/wp\/v2\/users\/2"}],"replies":[{"embeddable":true,"href":"https:\/\/karsten-nendel-stiftung.de\/kns\/wp-json\/wp\/v2\/comments?post=107"}],"version-history":[{"count":5,"href":"https:\/\/karsten-nendel-stiftung.de\/kns\/wp-json\/wp\/v2\/pages\/107\/revisions"}],"predecessor-version":[{"id":367,"href":"https:\/\/karsten-nendel-stiftung.de\/kns\/wp-json\/wp\/v2\/pages\/107\/revisions\/367"}],"up":[{"embeddable":true,"href":"https:\/\/karsten-nendel-stiftung.de\/kns\/wp-json\/wp\/v2\/pages\/41"}],"wp:attachment":[{"href":"https:\/\/karsten-nendel-stiftung.de\/kns\/wp-json\/wp\/v2\/media?parent=107"}],"curies":[{"name":"wp","href":"https:\/\/api.w.org\/{rel}","templated":true}]}}