{"id":41,"date":"2022-05-31T14:53:23","date_gmt":"2022-05-31T12:53:23","guid":{"rendered":"https:\/\/karsten-nendel-stiftung.de\/kns\/?page_id=41"},"modified":"2022-06-02T11:06:43","modified_gmt":"2022-06-02T09:06:43","slug":"projekte","status":"publish","type":"page","link":"https:\/\/karsten-nendel-stiftung.de\/kns\/projekte\/","title":{"rendered":"Projekte"},"content":{"rendered":"\n<figure class=\"wp-block-image alignwide size-large\"><img loading=\"lazy\" decoding=\"async\" width=\"1024\" height=\"242\" src=\"https:\/\/karsten-nendel-stiftung.de\/kns\/wp-content\/uploads\/2022\/06\/Projekte-1024x242.png\" alt=\"\" class=\"wp-image-131\" srcset=\"https:\/\/karsten-nendel-stiftung.de\/kns\/wp-content\/uploads\/2022\/06\/Projekte-1024x242.png 1024w, https:\/\/karsten-nendel-stiftung.de\/kns\/wp-content\/uploads\/2022\/06\/Projekte-600x142.png 600w, https:\/\/karsten-nendel-stiftung.de\/kns\/wp-content\/uploads\/2022\/06\/Projekte-300x71.png 300w, https:\/\/karsten-nendel-stiftung.de\/kns\/wp-content\/uploads\/2022\/06\/Projekte-768x181.png 768w, https:\/\/karsten-nendel-stiftung.de\/kns\/wp-content\/uploads\/2022\/06\/Projekte.png 1280w\" sizes=\"auto, (max-width: 1024px) 100vw, 1024px\" \/><\/figure>\n\n\n\n<div style=\"height:44px\" aria-hidden=\"true\" class=\"wp-block-spacer\"><\/div>\n\n\n\n<h2 class=\"wp-block-heading\"><a href=\"https:\/\/karsten-nendel-stiftung.de\/kns\/index.php\/projekte\/linumer-teichlandschaft\/\" data-type=\"URL\" data-id=\"https:\/\/karsten-nendel-stiftung.de\/kns\/index.php\/projekte\/linumer-teichlandschaft\/\">Linumer Teichlandschaft<\/a><\/h2>\n\n\n\n<p>Das Teichgebiet entstand gegen Ende der Torfstecherei. Heute ist es mehr als 300 ha gro\u00df und umfasst \u00fcber 40 Teiche. Zur Fischzucht werden diese kaum noch benutzt. Jetzt ist das Gebiet wichtiger Brut- und Rastplatz f\u00fcr zahlreiche Vogelarten z.B. Blaukehlchen, Kolbenente, Rohrdommel, Lachm\u00f6wen, Flu\u00dfseeschwalben, Eisvogel. Auch Biber, Fischotter und Amphibien wie die Rotbauchunke haben ihr Heim hier.<\/p>\n\n\n\n<p>Im Sommer br\u00fcten um die 10 Storchenpaare in Linum und im Herbst rasten zehntausende G\u00e4nse und Kraniche auf ihrer Migration in den S\u00fcden in Linum. Die Linumer Teiche und angrenzende Gebiete haben sich zum gr\u00f6\u00dften Binnenrastplatz Europas f\u00fcr die V\u00f6gel des Gl\u00fccks entwickelt. <a href=\"https:\/\/karsten-nendel-stiftung.de\/kns\/index.php\/projekte\/linumer-teichlandschaft\/\" data-type=\"URL\" data-id=\"https:\/\/karsten-nendel-stiftung.de\/kns\/index.php\/projekte\/linumer-teichlandschaft\/\">(mehr&#8230;)<\/a><\/p>\n\n\n\n<div style=\"height:100px\" aria-hidden=\"true\" class=\"wp-block-spacer\"><\/div>\n\n\n\n<h3 class=\"wp-block-heading\"><a href=\"https:\/\/karsten-nendel-stiftung.de\/kns\/index.php\/projekte\/polder-bresewitz\/\" data-type=\"URL\" data-id=\"https:\/\/karsten-nendel-stiftung.de\/kns\/index.php\/projekte\/polder-bresewitz\/\">Polder Bresewitz<\/a><\/h3>\n\n\n\n<p>Ausdeichung und naturschutz-vertr\u00e4gliche Gestaltung und Nutzung eines Polders<\/p>\n\n\n\n<p>\u201eSchatz der K\u00fcste\u201c ist der fast schon poetisch formulierte Titel eines sog. Verbundvorhabens zur Entwicklung der naturraumtypischen Vielfalt der Landschaft, Lebensr\u00e4ume und Lebensgemeinschaften in der Region Vorpommersche Boddenlandschaft und Rostocker Heide.<\/p>\n\n\n\n<p>Dieses komplexe Gesamtvorhaben ist eingebettet in das Bundesprogramm \u201eBiologische Vielfalt\u201c und wird aus diesem heraus auch mitfinanziert.<\/p>\n\n\n\n<p>Ein wichtiges Projekt im Rahmen dieses Programmes ist die Ausdeichung des nord-\u00f6stlichen Teils der Halbinsel Bresewitz, also die Beseitigung des Dammes auf diesen Landfl\u00e4chen zur Ostsee hin. <a href=\"https:\/\/karsten-nendel-stiftung.de\/kns\/index.php\/projekte\/polder-bresewitz\/\" data-type=\"URL\" data-id=\"https:\/\/karsten-nendel-stiftung.de\/kns\/index.php\/projekte\/polder-bresewitz\/\">(mehr&#8230;)<\/a><\/p>\n\n\n\n<div style=\"height:100px\" aria-hidden=\"true\" class=\"wp-block-spacer\"><\/div>\n\n\n\n<h3 class=\"wp-block-heading\"><a href=\"https:\/\/karsten-nendel-stiftung.de\/kns\/index.php\/projekte\/naturschutzprojekt-itzbachtal\/\" data-type=\"URL\" data-id=\"https:\/\/karsten-nendel-stiftung.de\/kns\/index.php\/projekte\/naturschutzprojekt-itzbachtal\/\">Naturschutzprojekt Itzbachtal<\/a><\/h3>\n\n\n\n<p>Im westlichen Saarland, in der rund 15.000 Einwohner z\u00e4hlenden Gemeinde Rehlingen-Siersburg (Landkreis Saarlouis), unweit der Landesgrenze zu Frankreich, ist ein weiteres Projekt der Karsten Nendel Stiftung angesiedelt.<br>Hier, in diesem Itzbachtal, er\u00f6ffnet sich ein Naturraum mit gro\u00dfem \u00f6kologischem Potential. Dieses zu wecken, zu f\u00f6rdern und in landschaftlicher Sch\u00f6nheit sowie in der Vielfalt der Arten in Flora und Fauna reich zu entwickeln, ist Aufgabe eines besonderen, eines qualifizierten Naturschutzprojektes, das unter dem Titel&nbsp; \u201e\u00d6KOLOGISCHE AUFWERTUNG DES ITZBACHTALS\u201c&nbsp; im Sommer des Jahres 2020 konkret und praktisch seine T\u00e4tigkeit begonnen hat. <a href=\"https:\/\/karsten-nendel-stiftung.de\/kns\/index.php\/projekte\/naturschutzprojekt-itzbachtal\/\" data-type=\"URL\" data-id=\"https:\/\/karsten-nendel-stiftung.de\/kns\/index.php\/projekte\/naturschutzprojekt-itzbachtal\/\">(mehr&#8230;)<\/a><\/p>\n","protected":false},"excerpt":{"rendered":"<p>Linumer Teichlandschaft Das Teichgebiet entstand gegen Ende der Torfstecherei. Heute ist es mehr als 300 ha gro\u00df und umfasst \u00fcber 40 Teiche. Zur Fischzucht werden diese kaum noch benutzt. Jetzt ist das Gebiet wichtiger Brut- und Rastplatz f\u00fcr zahlreiche Vogelarten z.B. Blaukehlchen, Kolbenente, Rohrdommel,&#8230;<\/p>\n","protected":false},"author":2,"featured_media":0,"parent":0,"menu_order":40,"comment_status":"closed","ping_status":"closed","template":"","meta":{"give_campaign_id":0,"two_page_speed":[],"footnotes":""},"class_list":["post-41","page","type-page","status-publish","hentry"],"yoast_head":"<!-- This site is optimized with the Yoast SEO plugin v27.5 - https:\/\/yoast.com\/product\/yoast-seo-wordpress\/ -->\n<title>Projekte - Karsten-Nendel-Stiftung<\/title>\n<meta name=\"robots\" content=\"index, follow, max-snippet:-1, max-image-preview:large, max-video-preview:-1\" \/>\n<link rel=\"canonical\" href=\"https:\/\/karsten-nendel-stiftung.de\/kns\/projekte\/\" \/>\n<meta property=\"og:locale\" content=\"de_DE\" \/>\n<meta property=\"og:type\" content=\"article\" \/>\n<meta property=\"og:title\" content=\"Projekte - Karsten-Nendel-Stiftung\" \/>\n<meta property=\"og:description\" content=\"Linumer Teichlandschaft Das Teichgebiet entstand gegen Ende der Torfstecherei. Heute ist es mehr als 300 ha gro\u00df und umfasst \u00fcber 40 Teiche. Zur Fischzucht werden diese kaum noch benutzt. Jetzt ist das Gebiet wichtiger Brut- und Rastplatz f\u00fcr zahlreiche Vogelarten z.B. Blaukehlchen, Kolbenente, Rohrdommel,...\" \/>\n<meta property=\"og:url\" content=\"https:\/\/karsten-nendel-stiftung.de\/kns\/projekte\/\" \/>\n<meta property=\"og:site_name\" content=\"Karsten-Nendel-Stiftung\" \/>\n<meta property=\"article:modified_time\" content=\"2022-06-02T09:06:43+00:00\" \/>\n<meta property=\"og:image\" content=\"https:\/\/karsten-nendel-stiftung.de\/kns\/wp-content\/uploads\/2022\/06\/Projekte-1024x242.png\" \/>\n<meta name=\"twitter:card\" content=\"summary_large_image\" \/>\n<meta name=\"twitter:label1\" content=\"Gesch\u00e4tzte Lesezeit\" \/>\n\t<meta name=\"twitter:data1\" content=\"1\u00a0Minute\" \/>\n<script type=\"application\/ld+json\" class=\"yoast-schema-graph\">{\"@context\":\"https:\\\/\\\/schema.org\",\"@graph\":[{\"@type\":\"WebPage\",\"@id\":\"https:\\\/\\\/karsten-nendel-stiftung.de\\\/kns\\\/projekte\\\/\",\"url\":\"https:\\\/\\\/karsten-nendel-stiftung.de\\\/kns\\\/projekte\\\/\",\"name\":\"Projekte - Karsten-Nendel-Stiftung\",\"isPartOf\":{\"@id\":\"https:\\\/\\\/karsten-nendel-stiftung.de\\\/kns\\\/#website\"},\"primaryImageOfPage\":{\"@id\":\"https:\\\/\\\/karsten-nendel-stiftung.de\\\/kns\\\/projekte\\\/#primaryimage\"},\"image\":{\"@id\":\"https:\\\/\\\/karsten-nendel-stiftung.de\\\/kns\\\/projekte\\\/#primaryimage\"},\"thumbnailUrl\":\"https:\\\/\\\/karsten-nendel-stiftung.de\\\/kns\\\/wp-content\\\/uploads\\\/2022\\\/06\\\/Projekte-1024x242.png\",\"datePublished\":\"2022-05-31T12:53:23+00:00\",\"dateModified\":\"2022-06-02T09:06:43+00:00\",\"breadcrumb\":{\"@id\":\"https:\\\/\\\/karsten-nendel-stiftung.de\\\/kns\\\/projekte\\\/#breadcrumb\"},\"inLanguage\":\"de\",\"potentialAction\":[{\"@type\":\"ReadAction\",\"target\":[\"https:\\\/\\\/karsten-nendel-stiftung.de\\\/kns\\\/projekte\\\/\"]}]},{\"@type\":\"ImageObject\",\"inLanguage\":\"de\",\"@id\":\"https:\\\/\\\/karsten-nendel-stiftung.de\\\/kns\\\/projekte\\\/#primaryimage\",\"url\":\"https:\\\/\\\/karsten-nendel-stiftung.de\\\/kns\\\/wp-content\\\/uploads\\\/2022\\\/06\\\/Projekte.png\",\"contentUrl\":\"https:\\\/\\\/karsten-nendel-stiftung.de\\\/kns\\\/wp-content\\\/uploads\\\/2022\\\/06\\\/Projekte.png\",\"width\":1280,\"height\":302},{\"@type\":\"BreadcrumbList\",\"@id\":\"https:\\\/\\\/karsten-nendel-stiftung.de\\\/kns\\\/projekte\\\/#breadcrumb\",\"itemListElement\":[{\"@type\":\"ListItem\",\"position\":1,\"name\":\"Startseite\",\"item\":\"https:\\\/\\\/karsten-nendel-stiftung.de\\\/kns\\\/\"},{\"@type\":\"ListItem\",\"position\":2,\"name\":\"Projekte\"}]},{\"@type\":\"WebSite\",\"@id\":\"https:\\\/\\\/karsten-nendel-stiftung.de\\\/kns\\\/#website\",\"url\":\"https:\\\/\\\/karsten-nendel-stiftung.de\\\/kns\\\/\",\"name\":\"Karsten-Nendel-Stiftung\",\"description\":\"Naturschutz: F\u00fcr die Natur, mit der Natur!\",\"publisher\":{\"@id\":\"https:\\\/\\\/karsten-nendel-stiftung.de\\\/kns\\\/#organization\"},\"potentialAction\":[{\"@type\":\"SearchAction\",\"target\":{\"@type\":\"EntryPoint\",\"urlTemplate\":\"https:\\\/\\\/karsten-nendel-stiftung.de\\\/kns\\\/?s={search_term_string}\"},\"query-input\":{\"@type\":\"PropertyValueSpecification\",\"valueRequired\":true,\"valueName\":\"search_term_string\"}}],\"inLanguage\":\"de\"},{\"@type\":\"Organization\",\"@id\":\"https:\\\/\\\/karsten-nendel-stiftung.de\\\/kns\\\/#organization\",\"name\":\"Karsten-Nendel-Stiftung\",\"url\":\"https:\\\/\\\/karsten-nendel-stiftung.de\\\/kns\\\/\",\"logo\":{\"@type\":\"ImageObject\",\"inLanguage\":\"de\",\"@id\":\"https:\\\/\\\/karsten-nendel-stiftung.de\\\/kns\\\/#\\\/schema\\\/logo\\\/image\\\/\",\"url\":\"https:\\\/\\\/karsten-nendel-stiftung.de\\\/kns\\\/wp-content\\\/uploads\\\/2022\\\/05\\\/logo2-1-e1655799995143.png\",\"contentUrl\":\"https:\\\/\\\/karsten-nendel-stiftung.de\\\/kns\\\/wp-content\\\/uploads\\\/2022\\\/05\\\/logo2-1-e1655799995143.png\",\"width\":350,\"height\":207,\"caption\":\"Karsten-Nendel-Stiftung\"},\"image\":{\"@id\":\"https:\\\/\\\/karsten-nendel-stiftung.de\\\/kns\\\/#\\\/schema\\\/logo\\\/image\\\/\"}}]}<\/script>\n<!-- \/ Yoast SEO plugin. -->","yoast_head_json":{"title":"Projekte - Karsten-Nendel-Stiftung","robots":{"index":"index","follow":"follow","max-snippet":"max-snippet:-1","max-image-preview":"max-image-preview:large","max-video-preview":"max-video-preview:-1"},"canonical":"https:\/\/karsten-nendel-stiftung.de\/kns\/projekte\/","og_locale":"de_DE","og_type":"article","og_title":"Projekte - Karsten-Nendel-Stiftung","og_description":"Linumer Teichlandschaft Das Teichgebiet entstand gegen Ende der Torfstecherei. Heute ist es mehr als 300 ha gro\u00df und umfasst \u00fcber 40 Teiche. Zur Fischzucht werden diese kaum noch benutzt. Jetzt ist das Gebiet wichtiger Brut- und Rastplatz f\u00fcr zahlreiche Vogelarten z.B. Blaukehlchen, Kolbenente, Rohrdommel,...","og_url":"https:\/\/karsten-nendel-stiftung.de\/kns\/projekte\/","og_site_name":"Karsten-Nendel-Stiftung","article_modified_time":"2022-06-02T09:06:43+00:00","og_image":[{"url":"https:\/\/karsten-nendel-stiftung.de\/kns\/wp-content\/uploads\/2022\/06\/Projekte-1024x242.png","type":"","width":"","height":""}],"twitter_card":"summary_large_image","twitter_misc":{"Gesch\u00e4tzte Lesezeit":"1\u00a0Minute"},"schema":{"@context":"https:\/\/schema.org","@graph":[{"@type":"WebPage","@id":"https:\/\/karsten-nendel-stiftung.de\/kns\/projekte\/","url":"https:\/\/karsten-nendel-stiftung.de\/kns\/projekte\/","name":"Projekte - Karsten-Nendel-Stiftung","isPartOf":{"@id":"https:\/\/karsten-nendel-stiftung.de\/kns\/#website"},"primaryImageOfPage":{"@id":"https:\/\/karsten-nendel-stiftung.de\/kns\/projekte\/#primaryimage"},"image":{"@id":"https:\/\/karsten-nendel-stiftung.de\/kns\/projekte\/#primaryimage"},"thumbnailUrl":"https:\/\/karsten-nendel-stiftung.de\/kns\/wp-content\/uploads\/2022\/06\/Projekte-1024x242.png","datePublished":"2022-05-31T12:53:23+00:00","dateModified":"2022-06-02T09:06:43+00:00","breadcrumb":{"@id":"https:\/\/karsten-nendel-stiftung.de\/kns\/projekte\/#breadcrumb"},"inLanguage":"de","potentialAction":[{"@type":"ReadAction","target":["https:\/\/karsten-nendel-stiftung.de\/kns\/projekte\/"]}]},{"@type":"ImageObject","inLanguage":"de","@id":"https:\/\/karsten-nendel-stiftung.de\/kns\/projekte\/#primaryimage","url":"https:\/\/karsten-nendel-stiftung.de\/kns\/wp-content\/uploads\/2022\/06\/Projekte.png","contentUrl":"https:\/\/karsten-nendel-stiftung.de\/kns\/wp-content\/uploads\/2022\/06\/Projekte.png","width":1280,"height":302},{"@type":"BreadcrumbList","@id":"https:\/\/karsten-nendel-stiftung.de\/kns\/projekte\/#breadcrumb","itemListElement":[{"@type":"ListItem","position":1,"name":"Startseite","item":"https:\/\/karsten-nendel-stiftung.de\/kns\/"},{"@type":"ListItem","position":2,"name":"Projekte"}]},{"@type":"WebSite","@id":"https:\/\/karsten-nendel-stiftung.de\/kns\/#website","url":"https:\/\/karsten-nendel-stiftung.de\/kns\/","name":"Karsten-Nendel-Stiftung","description":"Naturschutz: F\u00fcr die Natur, mit der Natur!","publisher":{"@id":"https:\/\/karsten-nendel-stiftung.de\/kns\/#organization"},"potentialAction":[{"@type":"SearchAction","target":{"@type":"EntryPoint","urlTemplate":"https:\/\/karsten-nendel-stiftung.de\/kns\/?s={search_term_string}"},"query-input":{"@type":"PropertyValueSpecification","valueRequired":true,"valueName":"search_term_string"}}],"inLanguage":"de"},{"@type":"Organization","@id":"https:\/\/karsten-nendel-stiftung.de\/kns\/#organization","name":"Karsten-Nendel-Stiftung","url":"https:\/\/karsten-nendel-stiftung.de\/kns\/","logo":{"@type":"ImageObject","inLanguage":"de","@id":"https:\/\/karsten-nendel-stiftung.de\/kns\/#\/schema\/logo\/image\/","url":"https:\/\/karsten-nendel-stiftung.de\/kns\/wp-content\/uploads\/2022\/05\/logo2-1-e1655799995143.png","contentUrl":"https:\/\/karsten-nendel-stiftung.de\/kns\/wp-content\/uploads\/2022\/05\/logo2-1-e1655799995143.png","width":350,"height":207,"caption":"Karsten-Nendel-Stiftung"},"image":{"@id":"https:\/\/karsten-nendel-stiftung.de\/kns\/#\/schema\/logo\/image\/"}}]}},"campaignId":"","_links":{"self":[{"href":"https:\/\/karsten-nendel-stiftung.de\/kns\/wp-json\/wp\/v2\/pages\/41","targetHints":{"allow":["GET"]}}],"collection":[{"href":"https:\/\/karsten-nendel-stiftung.de\/kns\/wp-json\/wp\/v2\/pages"}],"about":[{"href":"https:\/\/karsten-nendel-stiftung.de\/kns\/wp-json\/wp\/v2\/types\/page"}],"author":[{"embeddable":true,"href":"https:\/\/karsten-nendel-stiftung.de\/kns\/wp-json\/wp\/v2\/users\/2"}],"replies":[{"embeddable":true,"href":"https:\/\/karsten-nendel-stiftung.de\/kns\/wp-json\/wp\/v2\/comments?post=41"}],"version-history":[{"count":9,"href":"https:\/\/karsten-nendel-stiftung.de\/kns\/wp-json\/wp\/v2\/pages\/41\/revisions"}],"predecessor-version":[{"id":132,"href":"https:\/\/karsten-nendel-stiftung.de\/kns\/wp-json\/wp\/v2\/pages\/41\/revisions\/132"}],"wp:attachment":[{"href":"https:\/\/karsten-nendel-stiftung.de\/kns\/wp-json\/wp\/v2\/media?parent=41"}],"curies":[{"name":"wp","href":"https:\/\/api.w.org\/{rel}","templated":true}]}}