{"id":596,"date":"2023-08-09T17:55:27","date_gmt":"2023-08-09T15:55:27","guid":{"rendered":"https:\/\/karsten-nendel-stiftung.de\/kns\/?page_id=596"},"modified":"2023-08-16T12:05:32","modified_gmt":"2023-08-16T10:05:32","slug":"foej","status":"publish","type":"page","link":"https:\/\/karsten-nendel-stiftung.de\/kns\/foej\/","title":{"rendered":"F\u00d6J"},"content":{"rendered":"\n<h2 class=\"wp-block-heading\">Freiwilliges \u00f6kologisches Jahr<\/h2>\n\n\n\n<p>Die Karsten-Nendel-Stiftung wurde jetzt, mit ihrem Projekt in Siersburg, auch als Einsatzstelle f\u00fcr ein Freiwilliges \u00f6kologisches Jahr (F\u00d6J) im Saarland anerkannt.<\/p>\n\n\n\n<figure class=\"wp-block-image size-large is-resized\"><img loading=\"lazy\" decoding=\"async\" src=\"https:\/\/karsten-nendel-stiftung.de\/kns\/wp-content\/uploads\/2023\/08\/FOeJ_Anerkennung-1024x1024.jpg\" alt=\"Zulassung als Einsatzstelle F\u00d6J\" class=\"wp-image-597\" style=\"width:900px;height:550px\" width=\"900\" height=\"550\"\/><\/figure>\n\n\n\n<p class=\"has-medium-font-size\">Was ist das F\u00d6J?<\/p>\n\n\n\n<p>Das&nbsp;<strong>freiwillige \u00f6kologische Jahr<\/strong>&nbsp;(<strong>F\u00d6J<\/strong>) bzw. das&nbsp;<strong>Freiwillige Umweltjahr<\/strong>&nbsp;(<strong>FUJ<\/strong>) ist ein&nbsp;<a href=\"https:\/\/de.wikipedia.org\/wiki\/Freiwilligendienst\">Freiwilligendienst<\/a>&nbsp;in geeigneten Stellen und Einrichtungen, die im Bereich des&nbsp;<a href=\"https:\/\/de.wikipedia.org\/wiki\/Naturschutz\">Natur-<\/a>&nbsp;und&nbsp;<a href=\"https:\/\/de.wikipedia.org\/wiki\/Umweltschutz\">Umweltschutzes<\/a>&nbsp;einschlie\u00dflich der Bildung zur&nbsp;<a href=\"https:\/\/de.wikipedia.org\/wiki\/Nachhaltigkeit\">Nachhaltigkeit<\/a>&nbsp;t\u00e4tig sind.&nbsp;Es wird von&nbsp;<a href=\"https:\/\/de.wikipedia.org\/wiki\/Jugend\">Jugendlichen<\/a>&nbsp;im Alter von 16 bis 26 Jahren&nbsp;als \u00fcberwiegend praktische Hilfst\u00e4tigkeit, die an Lernzielen orientiert ist, in Deutschland und in \u00d6sterreich geleistet. Es dauert in der Regel 12 Monate, kann aber auch in einem Zeitraum zwischen sechs und achtzehn Monaten absolviert werden. In der Regel beginnt es am 1. August oder 1. September.<\/p>\n\n\n\n<p>Das freiwillige \u00f6kologische Jahr kann bei der&nbsp;<a href=\"https:\/\/de.wikipedia.org\/wiki\/Stiftung_f%C3%BCr_Hochschulzulassung\">Stiftung f\u00fcr Hochschulzulassung<\/a>, ehemals ZVS, als Wartesemester angerechnet werden. Es wird von den L\u00e4ndern und einzelnen Tr\u00e4gern finanziell unterst\u00fctzt und durchgef\u00fchrt.&nbsp;<\/p>\n\n\n\n<p><a href=\"https:\/\/de.wikipedia.org\/wiki\/Freiwilliges_%C3%B6kologisches_Jahr\" target=\"_blank\" rel=\"noreferrer noopener\">mehr bei Wikipedia<\/a><\/p>\n\n\n\n<div style=\"height:31px\" aria-hidden=\"true\" class=\"wp-block-spacer\"><\/div>\n\n\n\n<style id=\"bwg-style-0\">  #bwg_container1_0 {    display: table;\t\/*visibility: hidden;*\/  }  #bwg_container1_0 * {\t  -moz-user-select: none;\t  -khtml-user-select: none;\t  -webkit-user-select: none;\t  -ms-user-select: none;\t  user-select: none;  }  #bwg_container1_0 #bwg_container2_0 .bwg_slideshow_image_wrap_0 {\t  background-color: #F2F2F2;\t  width: 800px;\t  height: 500px;  }  #bwg_container1_0 #bwg_container2_0 .bwg_slideshow_image_0 {\t  max-width: 800px;\t  max-height: 410px;  }  #bwg_container1_0 #bwg_container2_0 .bwg_slideshow_embed_0 {    width: 800px;    height: 410px;  }  #bwg_container1_0 #bwg_container2_0 #bwg_slideshow_play_pause_0 {\t  background: transparent url(\"https:\/\/karsten-nendel-stiftung.de\/kns\/wp-content\/plugins\/photo-gallery\/images\/blank.gif\") repeat scroll 0 0;  }  #bwg_container1_0 #bwg_container2_0 #bwg_slideshow_play_pause-ico_0 {    color: #D6D6D6;    font-size: 35px;  }  #bwg_container1_0 #bwg_container2_0 #bwg_slideshow_play_pause-ico_0:hover {\t  color: #BABABA;  }  #bwg_container1_0 #bwg_container2_0 #spider_slideshow_left_0,  #bwg_container1_0 #bwg_container2_0 #spider_slideshow_right_0 {\t  background: transparent url(\"https:\/\/karsten-nendel-stiftung.de\/kns\/wp-content\/plugins\/photo-gallery\/images\/blank.gif\") repeat scroll 0 0;  }  #bwg_container1_0 #bwg_container2_0 #spider_slideshow_left-ico_0,  #bwg_container1_0 #bwg_container2_0 #spider_slideshow_right-ico_0 {\t  background-color: #FFFFFF;\t  border-radius: 20px;\t  border: 0px none #FFFFFF;\t  box-shadow: ;\t  color: #D6D6D6;\t  height: 37px;\t  font-size: 12px;\t  width: 37px;\t  opacity: 1.00;  }  #bwg_container1_0 #bwg_container2_0 #spider_slideshow_left-ico_0:hover,  #bwg_container1_0 #bwg_container2_0 #spider_slideshow_right-ico_0:hover {\t  color: #BABABA;  }      #spider_slideshow_left-ico_0{      left: -9999px;    }    #spider_slideshow_right-ico_0{      left: -9999px;    }      #bwg_container1_0 #bwg_container2_0 .bwg_slideshow_image_container_0 {\t  bottom: 90px;\t  width: 800px;\t  height: 500px;\t}\t#bwg_container1_0 #bwg_container2_0 .bwg_slideshow_filmstrip_container_0 {\t  display: table;\t  height: 90px;\t  width: 800px;\t  bottom: 0;  }  \/* Filmstrip dimension *\/  #bwg_container1_0 #bwg_container2_0 .bwg_slideshow_filmstrip_0 {\t  left: 20px;\t  width: 760px;\t  \/*z-index: 10106;*\/  }  #bwg_container1_0 #bwg_container2_0 .bwg_slideshow_filmstrip_thumbnails_0 {    left: 0px;    width: 1956px;    height: 90px;  }  #bwg_container1_0 #bwg_container2_0 .bwg_slideshow_filmstrip_thumbnail_0 {    width: 161px;    height: 90px;    margin: 0px 2px 0 0 ;    border: 0px none #000000;    border-radius: 0;  }  #bwg_container1_0 #bwg_container2_0 .bwg_slideshow_thumb_active_0 {\t  border: 0px solid #FFFFFF;  }  #bwg_container1_0 #bwg_container2_0 .bwg_slideshow_thumb_deactive_0 {    opacity: 1.00;  }  #bwg_container1_0 #bwg_container2_0 .bwg_slideshow_filmstrip_left_0,  #bwg_container1_0 #bwg_container2_0 .bwg_slideshow_filmstrip_left_disabled_0 {\t  background-color: #F2F2F2;\t  display: table-cell;\t  width: 20px;\t  left: 0;\t  \t    }  #bwg_container1_0 #bwg_container2_0 .bwg_slideshow_filmstrip_right_0,  #bwg_container1_0 #bwg_container2_0 .bwg_slideshow_filmstrip_right_disabled_0 {\t  background-color: #F2F2F2;    display: table-cell;    right: 0;\t  width: 20px;\t  \t    }  #bwg_container1_0 #bwg_container2_0 .bwg_slideshow_filmstrip_left_0 i,  #bwg_container1_0 #bwg_container2_0 .bwg_slideshow_filmstrip_right_0 i,  #bwg_container1_0 #bwg_container2_0 .bwg_slideshow_filmstrip_left_disabled_0 i,  #bwg_container1_0 #bwg_container2_0 .bwg_slideshow_filmstrip_right_disabled_0 i {\t  color: #BABABA;\t  font-size: 20px;  }  #bwg_container1_0 #bwg_container2_0 .bwg_slideshow_filmstrip_left_0 {    display: none;  }  #bwg_container1_0 #bwg_container2_0 .bwg_slideshow_filmstrip_left_disabled_0,  #bwg_container1_0 #bwg_container2_0 .bwg_slideshow_filmstrip_right_disabled_0 {    display: none;    opacity: 0.3;  }  #bwg_container1_0 #bwg_container2_0 .bwg_slideshow_filmstrip_left_disabled_0 {    display: table-cell;  }  #bwg_container1_0 #bwg_container2_0 .bwg_slideshow_watermark_spun_0 {\t  text-align: left;\t  vertical-align: bottom;  }  #bwg_container1_0 #bwg_container2_0 .bwg_slideshow_title_spun_0 {\t  text-align: right;\t  vertical-align: top;  }  #bwg_container1_0 #bwg_container2_0 .bwg_slideshow_description_spun_0 {\t  text-align: right;\t  vertical-align: bottom;  }  #bwg_container1_0 #bwg_container2_0 .bwg_slideshow_watermark_image_0 {\t  max-height: 90px;\t  max-width: 90px;\t  opacity: 0.30;  }  #bwg_container1_0 #bwg_container2_0 .bwg_slideshow_watermark_text_0,  #bwg_container1_0 #bwg_container2_0 .bwg_slideshow_watermark_text_0:hover {\t  text-decoration: none;\t  margin: 4px;\t  position: relative;\t  z-index: 15;  }  #bwg_container1_0 #bwg_container2_0 .bwg_slideshow_title_text_0 {\t  font-size: 16px;\t  font-family: Ubuntu;\t  color: #FFFFFF !important;\t  opacity: 0.70;    border-radius: 5px;\t  background-color: #000000;\t  padding: 0 0 0 0;\t  \t\tmargin: 5px;\t  \t    }  #bwg_container1_0 #bwg_container2_0 .bwg_slideshow_description_text_0 {\t  font-size: 14px;\t  font-family: Ubuntu;\t  color: #FFFFFF !important;\t  opacity: 0.70;    border-radius: 0;\t  background-color: #000000;\t  padding: 5px 10px 5px 10px;\t    }  #bwg_container1_0 #bwg_container2_0 .bwg_slideshow_description_text_0 * {\ttext-decoration: none;\tcolor: #FFFFFF !important;  }  #bwg_container1_0 #bwg_container2_0 .bwg_slideshow_dots_0 {\t  width: 12px;\t  height: 12px;\t  border-radius: 5px;\t  background: #F2D22E;\t  margin: 3px;  }  #bwg_container1_0 #bwg_container2_0 .bwg_slideshow_dots_container_0 {\t  width: 800px;\t  bottom: 0;  }  #bwg_container1_0 #bwg_container2_0 .bwg_slideshow_dots_thumbnails_0 {\t  height: 18px;\t  width: 216px;  }  #bwg_container1_0 #bwg_container2_0 .bwg_slideshow_dots_active_0 {\t  background: #FFFFFF;\t  border: 1px solid #000000;  }  <\/style>    <div id=\"bwg_container1_0\"         class=\"bwg_container bwg_thumbnail bwg_slideshow \"         data-right-click-protection=\"0\"         data-bwg=\"0\"         data-scroll=\"0\"         data-gallery-type=\"slideshow\"         data-gallery-view-type=\"slideshow\"         data-current-url=\"\/kns\/wp-json\/wp\/v2\/pages\/596\"         data-lightbox-url=\"https:\/\/karsten-nendel-stiftung.de\/kns\/wp-admin\/admin-ajax.php?action=GalleryBox&#038;current_view=0&#038;gallery_id=4&#038;tag=0&#038;theme_id=1&#038;shortcode_id=11&#038;sort_by=order&#038;order_by=asc&#038;current_url=%2Fkns%2Fwp-json%2Fwp%2Fv2%2Fpages%2F596\"         data-gallery-id=\"4\"         data-popup-width=\"800\"         data-popup-height=\"500\"         data-is-album=\"gallery\"         data-buttons-position=\"bottom\">      <div id=\"bwg_container2_0\">             <div id=\"ajax_loading_0\" class=\"bwg_loading_div_1\">      <div class=\"bwg_loading_div_2\">        <div class=\"bwg_loading_div_3\">          <div id=\"loading_div_0\" class=\"bwg_spider_ajax_loading\">          <\/div>        <\/div>      <\/div>    <\/div>            <form id=\"gal_front_form_0\"              class=\"bwg-hidden\"              method=\"post\"              action=\"#\"              data-current=\"0\"              data-shortcode-id=\"11\"              data-gallery-type=\"slideshow\"              data-gallery-id=\"4\"              data-tag=\"0\"              data-album-id=\"0\"              data-theme-id=\"1\"              data-ajax-url=\"https:\/\/karsten-nendel-stiftung.de\/kns\/wp-admin\/admin-ajax.php?action=bwg_frontend_data\">          <div id=\"bwg_container3_0\" class=\"bwg-background bwg-background-0\">              <div class=\"bwg_slideshow_image_wrap_0 bwg-slideshow-images-wrapper bwg-container\"       data-bwg=\"0\"       data-lightbox-url=\"https:\/\/karsten-nendel-stiftung.de\/kns\/wp-admin\/admin-ajax.php?action=GalleryBox&#038;current_view=0&#038;gallery_id=4&#038;tag=0&#038;theme_id=1&#038;shortcode_id=11&#038;sort_by=order&#038;order_by=asc&#038;current_url=%2Fkns%2Fwp-json%2Fwp%2Fv2%2Fpages%2F596\">          <div class=\"bwg_slideshow_filmstrip_container_0\">        <div class=\"bwg_slideshow_filmstrip_left_0\">          <i class=\"bwg-icon-angle-left\"><\/i>        <\/div>        <div class=\"bwg_slideshow_filmstrip_left_disabled_0\">          <i class=\"bwg-icon-angle-left\"><\/i>        <\/div>        <div class=\"bwg_slideshow_filmstrip_0 bwg_slideshow_filmstrip\">          <div class=\"bwg_slideshow_filmstrip_thumbnails_0\">                          <div id=\"bwg_filmstrip_thumbnail_0_0\"                class=\"bwg_slideshow_filmstrip_thumbnail_0 bwg_slideshow_thumb_active_0\"                data-style=\"width:161px; height:90px;\">                <img decoding=\"async\" class=\"bwg_filmstrip_thumbnail_img bwg_slideshow_filmstrip_thumbnail_img_0\"                  style=\"width:161px; height:214.66666666667px; margin-left: 0px; margin-top: -62.333333333333px;\"                  data-style=\"width:161px; height:214.66666666667px; margin-left: 0px; margin-top: -62.333333333333px;\"                  src=\"https:\/\/karsten-nendel-stiftung.de\/kns\/wp-content\/uploads\/photo-gallery\/imported_from_media_libray\/thumb\/schafe3.jpg?bwg=1691597096\"                  data-src=\"https:\/\/karsten-nendel-stiftung.de\/kns\/wp-content\/uploads\/photo-gallery\/imported_from_media_libray\/thumb\/schafe3.jpg?bwg=1691597096\"                  onclick=\"bwg_change_image(parseInt(jQuery('#bwg_current_image_key_0').val()), '0', '', '', '0')\"                  image_id=\"59\"                  image_key=\"0\"                  alt=\"schafe3\"                  title=\"schafe3\" \/>              <\/div>                            <div id=\"bwg_filmstrip_thumbnail_1_0\"                class=\"bwg_slideshow_filmstrip_thumbnail_0 bwg_slideshow_thumb_deactive_0\"                data-style=\"width:161px; height:90px;\">                <img decoding=\"async\" class=\"bwg_filmstrip_thumbnail_img bwg_slideshow_filmstrip_thumbnail_img_0\"                  style=\"width:161px; height:214.66666666667px; margin-left: 0px; margin-top: -62.333333333333px;\"                  data-style=\"width:161px; height:214.66666666667px; margin-left: 0px; margin-top: -62.333333333333px;\"                  src=\"https:\/\/karsten-nendel-stiftung.de\/kns\/wp-content\/uploads\/photo-gallery\/imported_from_media_libray\/thumb\/schafe2.jpg?bwg=1691597096\"                  data-src=\"https:\/\/karsten-nendel-stiftung.de\/kns\/wp-content\/uploads\/photo-gallery\/imported_from_media_libray\/thumb\/schafe2.jpg?bwg=1691597096\"                  onclick=\"bwg_change_image(parseInt(jQuery('#bwg_current_image_key_0').val()), '1', '', '', '0')\"                  image_id=\"60\"                  image_key=\"1\"                  alt=\"schafe2\"                  title=\"schafe2\" \/>              <\/div>                            <div id=\"bwg_filmstrip_thumbnail_2_0\"                class=\"bwg_slideshow_filmstrip_thumbnail_0 bwg_slideshow_thumb_deactive_0\"                data-style=\"width:161px; height:90px;\">                <img decoding=\"async\" class=\"bwg_filmstrip_thumbnail_img bwg_slideshow_filmstrip_thumbnail_img_0\"                  style=\"width:161px; height:214.66666666667px; margin-left: 0px; margin-top: -62.333333333333px;\"                  data-style=\"width:161px; height:214.66666666667px; margin-left: 0px; margin-top: -62.333333333333px;\"                  src=\"https:\/\/karsten-nendel-stiftung.de\/kns\/wp-content\/uploads\/photo-gallery\/imported_from_media_libray\/thumb\/IMG_1368.jpeg?bwg=1691597096\"                  data-src=\"https:\/\/karsten-nendel-stiftung.de\/kns\/wp-content\/uploads\/photo-gallery\/imported_from_media_libray\/thumb\/IMG_1368.jpeg?bwg=1691597096\"                  onclick=\"bwg_change_image(parseInt(jQuery('#bwg_current_image_key_0').val()), '2', '', '', '0')\"                  image_id=\"61\"                  image_key=\"2\"                  alt=\"IMG_1368\"                  title=\"IMG_1368\" \/>              <\/div>                            <div id=\"bwg_filmstrip_thumbnail_3_0\"                class=\"bwg_slideshow_filmstrip_thumbnail_0 bwg_slideshow_thumb_deactive_0\"                data-style=\"width:161px; height:90px;\">                <img decoding=\"async\" class=\"bwg_filmstrip_thumbnail_img bwg_slideshow_filmstrip_thumbnail_img_0\"                  style=\"width:161px; height:214.66666666667px; margin-left: 0px; margin-top: -62.333333333333px;\"                  data-style=\"width:161px; height:214.66666666667px; margin-left: 0px; margin-top: -62.333333333333px;\"                  src=\"https:\/\/karsten-nendel-stiftung.de\/kns\/wp-content\/uploads\/photo-gallery\/imported_from_media_libray\/thumb\/IMG_1333.jpeg?bwg=1691597096\"                  data-src=\"https:\/\/karsten-nendel-stiftung.de\/kns\/wp-content\/uploads\/photo-gallery\/imported_from_media_libray\/thumb\/IMG_1333.jpeg?bwg=1691597096\"                  onclick=\"bwg_change_image(parseInt(jQuery('#bwg_current_image_key_0').val()), '3', '', '', '0')\"                  image_id=\"62\"                  image_key=\"3\"                  alt=\"IMG_1333\"                  title=\"IMG_1333\" \/>              <\/div>                            <div id=\"bwg_filmstrip_thumbnail_4_0\"                class=\"bwg_slideshow_filmstrip_thumbnail_0 bwg_slideshow_thumb_deactive_0\"                data-style=\"width:161px; height:90px;\">                <img decoding=\"async\" class=\"bwg_filmstrip_thumbnail_img bwg_slideshow_filmstrip_thumbnail_img_0\"                  style=\"width:161px; height:120.75px; margin-left: 0px; margin-top: -15.375px;\"                  data-style=\"width:161px; height:120.75px; margin-left: 0px; margin-top: -15.375px;\"                  src=\"https:\/\/karsten-nendel-stiftung.de\/kns\/wp-content\/uploads\/photo-gallery\/imported_from_media_libray\/thumb\/20221031_192348148_iOS.jpg?bwg=1691597096\"                  data-src=\"https:\/\/karsten-nendel-stiftung.de\/kns\/wp-content\/uploads\/photo-gallery\/imported_from_media_libray\/thumb\/20221031_192348148_iOS.jpg?bwg=1691597096\"                  onclick=\"bwg_change_image(parseInt(jQuery('#bwg_current_image_key_0').val()), '4', '', '', '0')\"                  image_id=\"63\"                  image_key=\"4\"                  alt=\"20221031_192348148_iOS\"                  title=\"20221031_192348148_iOS\" \/>              <\/div>                            <div id=\"bwg_filmstrip_thumbnail_5_0\"                class=\"bwg_slideshow_filmstrip_thumbnail_0 bwg_slideshow_thumb_deactive_0\"                data-style=\"width:161px; height:90px;\">                <img decoding=\"async\" class=\"bwg_filmstrip_thumbnail_img bwg_slideshow_filmstrip_thumbnail_img_0\"                  style=\"width:161px; height:121.394px; margin-left: 0px; margin-top: -15.697px;\"                  data-style=\"width:161px; height:121.394px; margin-left: 0px; margin-top: -15.697px;\"                  src=\"https:\/\/karsten-nendel-stiftung.de\/kns\/wp-content\/uploads\/photo-gallery\/imported_from_media_libray\/thumb\/20221030_175955528_iOS.jpg?bwg=1691597096\"                  data-src=\"https:\/\/karsten-nendel-stiftung.de\/kns\/wp-content\/uploads\/photo-gallery\/imported_from_media_libray\/thumb\/20221030_175955528_iOS.jpg?bwg=1691597096\"                  onclick=\"bwg_change_image(parseInt(jQuery('#bwg_current_image_key_0').val()), '5', '', '', '0')\"                  image_id=\"64\"                  image_key=\"5\"                  alt=\"20221030_175955528_iOS\"                  title=\"20221030_175955528_iOS\" \/>              <\/div>                            <div id=\"bwg_filmstrip_thumbnail_6_0\"                class=\"bwg_slideshow_filmstrip_thumbnail_0 bwg_slideshow_thumb_deactive_0\"                data-style=\"width:161px; height:90px;\">                <img decoding=\"async\" class=\"bwg_filmstrip_thumbnail_img bwg_slideshow_filmstrip_thumbnail_img_0\"                  style=\"width:161px; height:161px; margin-left: 0px; margin-top: -35.5px;\"                  data-style=\"width:161px; height:161px; margin-left: 0px; margin-top: -35.5px;\"                  src=\"https:\/\/karsten-nendel-stiftung.de\/kns\/wp-content\/uploads\/photo-gallery\/imported_from_media_libray\/thumb\/Home_Kasten.jpg?bwg=1691597096\"                  data-src=\"https:\/\/karsten-nendel-stiftung.de\/kns\/wp-content\/uploads\/photo-gallery\/imported_from_media_libray\/thumb\/Home_Kasten.jpg?bwg=1691597096\"                  onclick=\"bwg_change_image(parseInt(jQuery('#bwg_current_image_key_0').val()), '6', '', '', '0')\"                  image_id=\"65\"                  image_key=\"6\"                  alt=\"Home_Kasten\"                  title=\"Home_Kasten\" \/>              <\/div>                            <div id=\"bwg_filmstrip_thumbnail_7_0\"                class=\"bwg_slideshow_filmstrip_thumbnail_0 bwg_slideshow_thumb_deactive_0\"                data-style=\"width:161px; height:90px;\">                <img decoding=\"async\" class=\"bwg_filmstrip_thumbnail_img bwg_slideshow_filmstrip_thumbnail_img_0\"                  style=\"width:161px; height:120.75px; margin-left: 0px; margin-top: -15.375px;\"                  data-style=\"width:161px; height:120.75px; margin-left: 0px; margin-top: -15.375px;\"                  src=\"https:\/\/karsten-nendel-stiftung.de\/kns\/wp-content\/uploads\/photo-gallery\/imported_from_media_libray\/thumb\/Klimaveraenderung-Einbau-von-Spundwaenden-als-Massnahme-zur-effektiveren-Wasserretention.jpg?bwg=1691597096\"                  data-src=\"https:\/\/karsten-nendel-stiftung.de\/kns\/wp-content\/uploads\/photo-gallery\/imported_from_media_libray\/thumb\/Klimaveraenderung-Einbau-von-Spundwaenden-als-Massnahme-zur-effektiveren-Wasserretention.jpg?bwg=1691597096\"                  onclick=\"bwg_change_image(parseInt(jQuery('#bwg_current_image_key_0').val()), '7', '', '', '0')\"                  image_id=\"66\"                  image_key=\"7\"                  alt=\"Klimaveraenderung-Einbau-von-Spundwaenden-als-Massnahme-zur-effektiveren-Wasserretention\"                  title=\"Klimaveraenderung-Einbau-von-Spundwaenden-als-Massnahme-zur-effektiveren-Wasserretention\" \/>              <\/div>                            <div id=\"bwg_filmstrip_thumbnail_8_0\"                class=\"bwg_slideshow_filmstrip_thumbnail_0 bwg_slideshow_thumb_deactive_0\"                data-style=\"width:161px; height:90px;\">                <img decoding=\"async\" class=\"bwg_filmstrip_thumbnail_img bwg_slideshow_filmstrip_thumbnail_img_0\"                  style=\"width:161px; height:104.006px; margin-left: 0px; margin-top: -7.003px;\"                  data-style=\"width:161px; height:104.006px; margin-left: 0px; margin-top: -7.003px;\"                  src=\"https:\/\/karsten-nendel-stiftung.de\/kns\/wp-content\/uploads\/photo-gallery\/imported_from_media_libray\/thumb\/itzbachtal1.jpg?bwg=1691597096\"                  data-src=\"https:\/\/karsten-nendel-stiftung.de\/kns\/wp-content\/uploads\/photo-gallery\/imported_from_media_libray\/thumb\/itzbachtal1.jpg?bwg=1691597096\"                  onclick=\"bwg_change_image(parseInt(jQuery('#bwg_current_image_key_0').val()), '8', '', '', '0')\"                  image_id=\"67\"                  image_key=\"8\"                  alt=\"Schafe Itzbachtal3\"                  title=\"Schafe Itzbachtal3\" \/>              <\/div>                            <div id=\"bwg_filmstrip_thumbnail_9_0\"                class=\"bwg_slideshow_filmstrip_thumbnail_0 bwg_slideshow_thumb_deactive_0\"                data-style=\"width:161px; height:90px;\">                <img decoding=\"async\" class=\"bwg_filmstrip_thumbnail_img bwg_slideshow_filmstrip_thumbnail_img_0\"                  style=\"width:161px; height:120.75px; margin-left: 0px; margin-top: -15.375px;\"                  data-style=\"width:161px; height:120.75px; margin-left: 0px; margin-top: -15.375px;\"                  src=\"https:\/\/karsten-nendel-stiftung.de\/kns\/wp-content\/uploads\/photo-gallery\/imported_from_media_libray\/thumb\/Streuobstwiese1.jpg?bwg=1691597096\"                  data-src=\"https:\/\/karsten-nendel-stiftung.de\/kns\/wp-content\/uploads\/photo-gallery\/imported_from_media_libray\/thumb\/Streuobstwiese1.jpg?bwg=1691597096\"                  onclick=\"bwg_change_image(parseInt(jQuery('#bwg_current_image_key_0').val()), '9', '', '', '0')\"                  image_id=\"68\"                  image_key=\"9\"                  alt=\"Pflanzung Itzbachtal3\"                  title=\"Pflanzung Itzbachtal3\" \/>              <\/div>                            <div id=\"bwg_filmstrip_thumbnail_10_0\"                class=\"bwg_slideshow_filmstrip_thumbnail_0 bwg_slideshow_thumb_deactive_0\"                data-style=\"width:161px; height:90px;\">                <img decoding=\"async\" class=\"bwg_filmstrip_thumbnail_img bwg_slideshow_filmstrip_thumbnail_img_0\"                  style=\"width:161px; height:91.126px; margin-left: 0px; margin-top: -0.563px;\"                  data-style=\"width:161px; height:91.126px; margin-left: 0px; margin-top: -0.563px;\"                  src=\"https:\/\/karsten-nendel-stiftung.de\/kns\/wp-content\/uploads\/photo-gallery\/imported_from_media_libray\/thumb\/Itzbachtal11.jpg?bwg=1691597096\"                  data-src=\"https:\/\/karsten-nendel-stiftung.de\/kns\/wp-content\/uploads\/photo-gallery\/imported_from_media_libray\/thumb\/Itzbachtal11.jpg?bwg=1691597096\"                  onclick=\"bwg_change_image(parseInt(jQuery('#bwg_current_image_key_0').val()), '10', '', '', '0')\"                  image_id=\"69\"                  image_key=\"10\"                  alt=\"Wanderung Itzbachtal2\"                  title=\"Wanderung Itzbachtal2\" \/>              <\/div>                            <div id=\"bwg_filmstrip_thumbnail_11_0\"                class=\"bwg_slideshow_filmstrip_thumbnail_0 bwg_slideshow_thumb_deactive_0\"                data-style=\"width:161px; height:90px;\">                <img decoding=\"async\" class=\"bwg_filmstrip_thumbnail_img bwg_slideshow_filmstrip_thumbnail_img_0\"                  style=\"width:162.45487364621px; height:90px; margin-left: -0.7274368231047px; margin-top: 0px;\"                  data-style=\"width:162.45487364621px; height:90px; margin-left: -0.7274368231047px; margin-top: 0px;\"                  src=\"https:\/\/karsten-nendel-stiftung.de\/kns\/wp-content\/uploads\/photo-gallery\/imported_from_media_libray\/thumb\/Siersburg1.jpg?bwg=1691597096\"                  data-src=\"https:\/\/karsten-nendel-stiftung.de\/kns\/wp-content\/uploads\/photo-gallery\/imported_from_media_libray\/thumb\/Siersburg1.jpg?bwg=1691597096\"                  onclick=\"bwg_change_image(parseInt(jQuery('#bwg_current_image_key_0').val()), '11', '', '', '0')\"                  image_id=\"70\"                  image_key=\"11\"                  alt=\"Kiga Siersburg\"                  title=\"Kiga Siersburg\" \/>              <\/div>                        <\/div>        <\/div>        <div class=\"bwg_slideshow_filmstrip_right_0\">          <i class=\"bwg-icon-angle-right\"><\/i>        <\/div>        <div class=\"bwg_slideshow_filmstrip_right_disabled_0\">          <i class=\"bwg-icon-angle-right\"><\/i>        <\/div>      <\/div>          <div id=\"bwg_slideshow_image_container_0\"         class=\"bwg_slideshow_image_container_0\"         data-params='{&quot;bwg_source&quot;:&quot;slider&quot;,&quot;bwg_current_key&quot;:&quot;&quot;,&quot;bwg_transition_duration&quot;:100,&quot;bwg_trans_in_progress&quot;:false,&quot;data&quot;:[{&quot;id&quot;:&quot;59&quot;,&quot;alt&quot;:&quot;schafe3&quot;,&quot;description&quot;:&quot;&quot;,&quot;filetype&quot;:&quot;jpg&quot;,&quot;filename&quot;:&quot;schafe3&quot;,&quot;image_url&quot;:&quot;\\\/imported_from_media_libray\\\/schafe3.jpg?bwg=1691597096&quot;,&quot;thumb_url&quot;:&quot;\\\/imported_from_media_libray\\\/thumb\\\/schafe3.jpg?bwg=1691597096&quot;,&quot;redirect_url&quot;:&quot;&quot;,&quot;date&quot;:&quot;2023-08-09 16:04:26&quot;,&quot;is_embed&quot;:false,&quot;is_embed_video&quot;:false,&quot;image_width&quot;:&quot;900&quot;,&quot;image_height&quot;:&quot;1200&quot;,&quot;thumb_width&quot;:&quot;375.00&quot;,&quot;thumb_height&quot;:&quot;500.00&quot;},{&quot;id&quot;:&quot;60&quot;,&quot;alt&quot;:&quot;schafe2&quot;,&quot;description&quot;:&quot;&quot;,&quot;filetype&quot;:&quot;jpg&quot;,&quot;filename&quot;:&quot;schafe2&quot;,&quot;image_url&quot;:&quot;\\\/imported_from_media_libray\\\/schafe2.jpg?bwg=1691597096&quot;,&quot;thumb_url&quot;:&quot;\\\/imported_from_media_libray\\\/thumb\\\/schafe2.jpg?bwg=1691597096&quot;,&quot;redirect_url&quot;:&quot;&quot;,&quot;date&quot;:&quot;2023-08-09 16:04:27&quot;,&quot;is_embed&quot;:false,&quot;is_embed_video&quot;:false,&quot;image_width&quot;:&quot;900&quot;,&quot;image_height&quot;:&quot;1200&quot;,&quot;thumb_width&quot;:&quot;375.00&quot;,&quot;thumb_height&quot;:&quot;500.00&quot;},{&quot;id&quot;:&quot;61&quot;,&quot;alt&quot;:&quot;IMG_1368&quot;,&quot;description&quot;:&quot;Aperture: 1.6&amp;lt;br \\\/&amp;gt;Camera: iPhone 13&amp;lt;br \\\/&amp;gt;Iso: 50&amp;lt;br \\\/&amp;gt;Orientation: 1&amp;lt;br \\\/&amp;gt;&quot;,&quot;filetype&quot;:&quot;jpeg&quot;,&quot;filename&quot;:&quot;IMG_1368&quot;,&quot;image_url&quot;:&quot;\\\/imported_from_media_libray\\\/IMG_1368.jpeg?bwg=1691597096&quot;,&quot;thumb_url&quot;:&quot;\\\/imported_from_media_libray\\\/thumb\\\/IMG_1368.jpeg?bwg=1691597096&quot;,&quot;redirect_url&quot;:&quot;&quot;,&quot;date&quot;:&quot;2023-08-09 16:04:29&quot;,&quot;is_embed&quot;:false,&quot;is_embed_video&quot;:false,&quot;image_width&quot;:&quot;454&quot;,&quot;image_height&quot;:&quot;605&quot;,&quot;thumb_width&quot;:&quot;375.00&quot;,&quot;thumb_height&quot;:&quot;500.00&quot;},{&quot;id&quot;:&quot;62&quot;,&quot;alt&quot;:&quot;IMG_1333&quot;,&quot;description&quot;:&quot;Aperture: 1.6&amp;lt;br \\\/&amp;gt;Camera: iPhone 13&amp;lt;br \\\/&amp;gt;Iso: 50&amp;lt;br \\\/&amp;gt;Orientation: 1&amp;lt;br \\\/&amp;gt;&quot;,&quot;filetype&quot;:&quot;jpeg&quot;,&quot;filename&quot;:&quot;IMG_1333&quot;,&quot;image_url&quot;:&quot;\\\/imported_from_media_libray\\\/IMG_1333.jpeg?bwg=1691597096&quot;,&quot;thumb_url&quot;:&quot;\\\/imported_from_media_libray\\\/thumb\\\/IMG_1333.jpeg?bwg=1691597096&quot;,&quot;redirect_url&quot;:&quot;&quot;,&quot;date&quot;:&quot;2023-08-09 16:04:30&quot;,&quot;is_embed&quot;:false,&quot;is_embed_video&quot;:false,&quot;image_width&quot;:&quot;454&quot;,&quot;image_height&quot;:&quot;605&quot;,&quot;thumb_width&quot;:&quot;375.00&quot;,&quot;thumb_height&quot;:&quot;500.00&quot;},{&quot;id&quot;:&quot;63&quot;,&quot;alt&quot;:&quot;20221031_192348148_iOS&quot;,&quot;description&quot;:&quot;Orientation: 1&amp;lt;br \\\/&amp;gt;&quot;,&quot;filetype&quot;:&quot;jpg&quot;,&quot;filename&quot;:&quot;20221031_192348148_iOS&quot;,&quot;image_url&quot;:&quot;\\\/imported_from_media_libray\\\/20221031_192348148_iOS.jpg?bwg=1691597096&quot;,&quot;thumb_url&quot;:&quot;\\\/imported_from_media_libray\\\/thumb\\\/20221031_192348148_iOS.jpg?bwg=1691597096&quot;,&quot;redirect_url&quot;:&quot;&quot;,&quot;date&quot;:&quot;2023-08-09 16:04:31&quot;,&quot;is_embed&quot;:false,&quot;is_embed_video&quot;:false,&quot;image_width&quot;:&quot;1080&quot;,&quot;image_height&quot;:&quot;810&quot;,&quot;thumb_width&quot;:&quot;500.00&quot;,&quot;thumb_height&quot;:&quot;375.00&quot;},{&quot;id&quot;:&quot;64&quot;,&quot;alt&quot;:&quot;20221030_175955528_iOS&quot;,&quot;description&quot;:&quot;Orientation: 1&amp;lt;br \\\/&amp;gt;&quot;,&quot;filetype&quot;:&quot;jpg&quot;,&quot;filename&quot;:&quot;20221030_175955528_iOS&quot;,&quot;image_url&quot;:&quot;\\\/imported_from_media_libray\\\/20221030_175955528_iOS.jpg?bwg=1691597096&quot;,&quot;thumb_url&quot;:&quot;\\\/imported_from_media_libray\\\/thumb\\\/20221030_175955528_iOS.jpg?bwg=1691597096&quot;,&quot;redirect_url&quot;:&quot;&quot;,&quot;date&quot;:&quot;2023-08-09 16:04:33&quot;,&quot;is_embed&quot;:false,&quot;is_embed_video&quot;:false,&quot;image_width&quot;:&quot;1200&quot;,&quot;image_height&quot;:&quot;904&quot;,&quot;thumb_width&quot;:&quot;500.00&quot;,&quot;thumb_height&quot;:&quot;377.00&quot;},{&quot;id&quot;:&quot;65&quot;,&quot;alt&quot;:&quot;Home_Kasten&quot;,&quot;description&quot;:&quot;Orientation: 1&amp;lt;br \\\/&amp;gt;&quot;,&quot;filetype&quot;:&quot;jpg&quot;,&quot;filename&quot;:&quot;Home_Kasten&quot;,&quot;image_url&quot;:&quot;\\\/imported_from_media_libray\\\/Home_Kasten.jpg?bwg=1691597096&quot;,&quot;thumb_url&quot;:&quot;\\\/imported_from_media_libray\\\/thumb\\\/Home_Kasten.jpg?bwg=1691597096&quot;,&quot;redirect_url&quot;:&quot;&quot;,&quot;date&quot;:&quot;2023-08-09 16:04:33&quot;,&quot;is_embed&quot;:false,&quot;is_embed_video&quot;:false,&quot;image_width&quot;:&quot;691&quot;,&quot;image_height&quot;:&quot;691&quot;,&quot;thumb_width&quot;:&quot;500.00&quot;,&quot;thumb_height&quot;:&quot;500.00&quot;},{&quot;id&quot;:&quot;66&quot;,&quot;alt&quot;:&quot;Klimaveraenderung-Einbau-von-Spundwaenden-als-Massnahme-zur-effektiveren-Wasserretention&quot;,&quot;description&quot;:&quot;Aperture: 1.9&amp;lt;br \\\/&amp;gt;Camera: SM-G390F&amp;lt;br \\\/&amp;gt;Iso: 40&amp;lt;br \\\/&amp;gt;Orientation: 1&amp;lt;br \\\/&amp;gt;&quot;,&quot;filetype&quot;:&quot;jpg&quot;,&quot;filename&quot;:&quot;Klimaveraenderung-Einbau-von-Spundwaenden-als-Massnahme-zur-effektiveren-Wasserretention&quot;,&quot;image_url&quot;:&quot;\\\/imported_from_media_libray\\\/Klimaveraenderung-Einbau-von-Spundwaenden-als-Massnahme-zur-effektiveren-Wasserretention.jpg?bwg=1691597096&quot;,&quot;thumb_url&quot;:&quot;\\\/imported_from_media_libray\\\/thumb\\\/Klimaveraenderung-Einbau-von-Spundwaenden-als-Massnahme-zur-effektiveren-Wasserretention.jpg?bwg=1691597096&quot;,&quot;redirect_url&quot;:&quot;&quot;,&quot;date&quot;:&quot;2023-08-09 16:04:36&quot;,&quot;is_embed&quot;:false,&quot;is_embed_video&quot;:false,&quot;image_width&quot;:&quot;1200&quot;,&quot;image_height&quot;:&quot;900&quot;,&quot;thumb_width&quot;:&quot;500.00&quot;,&quot;thumb_height&quot;:&quot;375.00&quot;},{&quot;id&quot;:&quot;67&quot;,&quot;alt&quot;:&quot;Schafe Itzbachtal3&quot;,&quot;description&quot;:&quot;&quot;,&quot;filetype&quot;:&quot;jpg&quot;,&quot;filename&quot;:&quot;itzbachtal1&quot;,&quot;image_url&quot;:&quot;\\\/imported_from_media_libray\\\/itzbachtal1.jpg?bwg=1691597096&quot;,&quot;thumb_url&quot;:&quot;\\\/imported_from_media_libray\\\/thumb\\\/itzbachtal1.jpg?bwg=1691597096&quot;,&quot;redirect_url&quot;:&quot;&quot;,&quot;date&quot;:&quot;2023-08-09 16:04:37&quot;,&quot;is_embed&quot;:false,&quot;is_embed_video&quot;:false,&quot;image_width&quot;:&quot;1200&quot;,&quot;image_height&quot;:&quot;775&quot;,&quot;thumb_width&quot;:&quot;500.00&quot;,&quot;thumb_height&quot;:&quot;323.00&quot;},{&quot;id&quot;:&quot;68&quot;,&quot;alt&quot;:&quot;Pflanzung Itzbachtal3&quot;,&quot;description&quot;:&quot;&quot;,&quot;filetype&quot;:&quot;jpg&quot;,&quot;filename&quot;:&quot;Streuobstwiese1&quot;,&quot;image_url&quot;:&quot;\\\/imported_from_media_libray\\\/Streuobstwiese1.jpg?bwg=1691597096&quot;,&quot;thumb_url&quot;:&quot;\\\/imported_from_media_libray\\\/thumb\\\/Streuobstwiese1.jpg?bwg=1691597096&quot;,&quot;redirect_url&quot;:&quot;&quot;,&quot;date&quot;:&quot;2023-08-09 16:04:38&quot;,&quot;is_embed&quot;:false,&quot;is_embed_video&quot;:false,&quot;image_width&quot;:&quot;1024&quot;,&quot;image_height&quot;:&quot;768&quot;,&quot;thumb_width&quot;:&quot;500.00&quot;,&quot;thumb_height&quot;:&quot;375.00&quot;},{&quot;id&quot;:&quot;69&quot;,&quot;alt&quot;:&quot;Wanderung Itzbachtal2&quot;,&quot;description&quot;:&quot;&quot;,&quot;filetype&quot;:&quot;jpg&quot;,&quot;filename&quot;:&quot;Itzbachtal11&quot;,&quot;image_url&quot;:&quot;\\\/imported_from_media_libray\\\/Itzbachtal11.jpg?bwg=1691597096&quot;,&quot;thumb_url&quot;:&quot;\\\/imported_from_media_libray\\\/thumb\\\/Itzbachtal11.jpg?bwg=1691597096&quot;,&quot;redirect_url&quot;:&quot;&quot;,&quot;date&quot;:&quot;2023-08-09 16:04:38&quot;,&quot;is_embed&quot;:false,&quot;is_embed_video&quot;:false,&quot;image_width&quot;:&quot;1024&quot;,&quot;image_height&quot;:&quot;580&quot;,&quot;thumb_width&quot;:&quot;500.00&quot;,&quot;thumb_height&quot;:&quot;283.00&quot;},{&quot;id&quot;:&quot;70&quot;,&quot;alt&quot;:&quot;Kiga Siersburg&quot;,&quot;description&quot;:&quot;&quot;,&quot;filetype&quot;:&quot;jpg&quot;,&quot;filename&quot;:&quot;Siersburg1&quot;,&quot;image_url&quot;:&quot;\\\/imported_from_media_libray\\\/Siersburg1.jpg?bwg=1691597096&quot;,&quot;thumb_url&quot;:&quot;\\\/imported_from_media_libray\\\/thumb\\\/Siersburg1.jpg?bwg=1691597096&quot;,&quot;redirect_url&quot;:&quot;&quot;,&quot;date&quot;:&quot;2023-08-09 16:04:39&quot;,&quot;is_embed&quot;:false,&quot;is_embed_video&quot;:false,&quot;image_width&quot;:&quot;1200&quot;,&quot;image_height&quot;:&quot;664&quot;,&quot;thumb_width&quot;:&quot;500.00&quot;,&quot;thumb_height&quot;:&quot;277.00&quot;}],&quot;width_or_height&quot;:&quot;width&quot;,&quot;filmstrip_thumb_margin_hor&quot;:2,&quot;left_or_top&quot;:&quot;left&quot;,&quot;outerWidth_or_outerHeight&quot;:&quot;outerWidth&quot;,&quot;enable_slideshow_shuffle&quot;:&quot;0&quot;,&quot;lightbox_filmstrip_thumb_border_width&quot;:&quot;1&quot;,&quot;thumb_click_action&quot;:&quot;open_lightbox&quot;,&quot;thumb_link_target&quot;:&quot;1&quot;,&quot;upload_url&quot;:&quot;https:\\\/\\\/karsten-nendel-stiftung.de\\\/kns\\\/wp-content\\\/uploads\\\/photo-gallery&quot;,&quot;preload_images&quot;:&quot;1&quot;,&quot;slideshow_effect&quot;:&quot;fade&quot;,&quot;event_stack&quot;:&quot;&quot;,&quot;preload_images_count&quot;:10,&quot;image_width&quot;:&quot;800&quot;,&quot;image_height&quot;:&quot;500&quot;,&quot;thumb_width&quot;:&quot;250&quot;,&quot;thumb_height&quot;:&quot;140&quot;,&quot;filmstrip_direction&quot;:&quot;horizontal&quot;,&quot;slideshow_filmstrip_type&quot;:1,&quot;slideshow_thumbnails_count&quot;:&quot;5&quot;,&quot;slideshow_filmstrip_width&quot;:161,&quot;slideshow_filmstrip_height&quot;:&quot;90&quot;,&quot;slideshow_filmstrip_rl_btn_size&quot;:&quot;20&quot;,&quot;slideshow_play_pause_btn_size&quot;:&quot;35&quot;,&quot;watermark_type&quot;:&quot;90&quot;,&quot;watermark_height&quot;:&quot;90&quot;,&quot;watermark_font_size&quot;:&quot;20&quot;,&quot;slideshow_title_font_size&quot;:&quot;16&quot;,&quot;slideshow_description_font_size&quot;:&quot;14&quot;,&quot;bwg_playInterval&quot;:&quot;&quot;,&quot;slideshow_interval&quot;:5,&quot;image_right_click&quot;:&quot;0&quot;,&quot;enable_slideshow_autoplay&quot;:&quot;0&quot;,&quot;enable_slideshow_music&quot;:&quot;0&quot;,&quot;bwg_current_filmstrip_pos&quot;:0}'         data-filmstrip-position=\"bottom\"         data-filmstrip-size=\"90\">      <div class=\"bwg_slide_container_0\">        <div class=\"bwg_slide_bg_0\">          <div class=\"bwg_slider_0\">                            <span class=\"bwg_slideshow_image_spun_0\" id=\"image_id_0_59\">                    <span class=\"bwg_slideshow_image_spun1_0\">                      <span class=\"bwg_slideshow_image_spun2_0\">                                                  <a  class=\"bwg-a bwg_lightbox\" href=\"https:\/\/karsten-nendel-stiftung.de\/kns\/wp-content\/uploads\/photo-gallery\/imported_from_media_libray\/schafe3.jpg?bwg=1691597096\" data-image-id=\"59\" data-elementor-open-lightbox=\"no\">                          <img decoding=\"async\" id=\"bwg_slideshow_image_0\"                               class=\"skip-lazy bwg_slide bwg_slideshow_image_0 \"                               src=\"https:\/\/karsten-nendel-stiftung.de\/kns\/wp-content\/uploads\/photo-gallery\/imported_from_media_libray\/schafe3.jpg?bwg=1691597096\"                               data-src=\"https:\/\/karsten-nendel-stiftung.de\/kns\/wp-content\/uploads\/photo-gallery\/imported_from_media_libray\/schafe3.jpg?bwg=1691597096\"                               image_id=\"59\"                               alt=\"schafe3\" \/>                          <\/a>                                                <\/span>                    <\/span>                  <\/span>                <span class=\"bwg_slideshow_image_second_spun_0\">                  <\/span>                <input type=\"hidden\" id=\"bwg_current_image_key_0\" value=\"0\" \/>                          <\/div>        <\/div>      <\/div>              <a class=\"bwg-a\" id=\"spider_slideshow_left_0\" onclick=\"bwg_change_image(parseInt(jQuery('#bwg_current_image_key_0').val()), (parseInt(jQuery('#bwg_current_image_key_0').val()) + 12 - bwg_iterator(0)) % 12, '', '', 0); return false;\"><span id=\"spider_slideshow_left-ico_0\"><span><i class=\"bwg-icon-angle-left bwg_slideshow_prev_btn_0\"><\/i><\/span><\/span><\/a>        <span id=\"bwg_slideshow_play_pause_0\" class=\"bwg_slideshow_play_pause\" style=\"display: ;\"><span><span id=\"bwg_slideshow_play_pause-ico_0\"><i class=\"bwg-icon-play bwg_ctrl_btn_0 bwg_slideshow_play_pause_0\"><\/i><\/span><\/span><\/span>        <a class=\"bwg-a\" id=\"spider_slideshow_right_0\" onclick=\"bwg_change_image(parseInt(jQuery('#bwg_current_image_key_0').val()), (parseInt(jQuery('#bwg_current_image_key_0').val()) + bwg_iterator(0)) % 12, '', '', 0); return false;\"><span id=\"spider_slideshow_right-ico_0\"><span><i class=\"bwg-icon-angle-right bwg_slideshow_next_btn_0\"><\/i><\/span><\/span><\/a>            <\/div>      <\/div>            <\/div>        <\/form>        <style>          #bwg_container1_0 #bwg_container2_0 #spider_popup_overlay_0 {          background-color: #EEEEEE;          opacity: 0.60;          }          <\/style>        <div id=\"bwg_spider_popup_loading_0\" class=\"bwg_spider_popup_loading\"><\/div>        <div id=\"spider_popup_overlay_0\" class=\"spider_popup_overlay\" onclick=\"spider_destroypopup(1000)\"><\/div>        <input type=\"hidden\" id=\"bwg_random_seed_0\" value=\"1999706619\">                <\/div>    <\/div>    <script>      if (document.readyState === 'complete') {        if( typeof bwg_main_ready == 'function' ) {          if ( jQuery(\"#bwg_container1_0\").height() ) {            bwg_main_ready(jQuery(\"#bwg_container1_0\"));          }        }      } else {        document.addEventListener('DOMContentLoaded', function() {          if( typeof bwg_main_ready == 'function' ) {            if ( jQuery(\"#bwg_container1_0\").height() ) {             bwg_main_ready(jQuery(\"#bwg_container1_0\"));            }          }        });      }    <\/script>    \n\n\n\n<p>Die Stiftung hat in ihrer Satzung u.a. die F\u00f6rderung von Bildungsma\u00dfnahmen auf dem Felde des Natur- und Umweltschutzes und von konkreten Projekten, Objekten und Einrichtungen, die der Forschung, Lehre, der p\u00e4dagogischen Arbeit und der informativen Kommunikation zum Schutz von Umwelt und Natur dienen.<\/p>\n\n\n\n<p>Die Stiftung hat es \u00fcbernommen, in Abstimmung mit dem Ministerium f\u00fcr Umwelt, Klima, Mobilit\u00e4t, Agrar und Verbraucherschutz, dem Landesamt f\u00fcr Umwelt und Arbeitsschutz, der Gemeinde Rehlingen-Siersburg und dem Landkreis Saarlouis ein Projekt zur \u00f6kologischen Aufwertung des Itzbachtales zu entwickeln und nachhaltig zu vollziehen. Das Ziel ist insbesondere, wieder die strukturellen Voraussetzungen zum Aufleben einer standortgerechten Artenvielfalt in Flora und Fauna zu schaffen.<\/p>\n\n\n\n<p>Der Landwirtschaftliche Betrieb der Stiftung betreibt extensive Beweidungsprojekte mit Wiederk\u00e4uern, Schafen und Ziegen. Auch eine eigene Imkerei geh\u00f6rt dazu.<\/p>\n\n\n\n<div style=\"height:29px\" aria-hidden=\"true\" class=\"wp-block-spacer\"><\/div>\n\n\n\n<p class=\"has-medium-font-size\">Die T\u00e4tigkeiten innerhalb des F\u00d6J erstrecken sich auf: <\/p>\n\n\n\n<ul class=\"wp-block-list\">\n<li>Pflege, F\u00fctterung und Tr\u00e4nken der Wiederk\u00e4uer,<\/li>\n\n\n\n<li>Misten der St\u00e4lle,<\/li>\n\n\n\n<li>Zaunbau in der Weidewirtschaft,<\/li>\n\n\n\n<li>Freilegen von verbuschten Fl\u00e4chen,<\/li>\n\n\n\n<li>Anlegen und Pflege von Streuwiesen,<\/li>\n\n\n\n<li>Aufh\u00e4ngen von Kleinhabitaten, usw.<\/li>\n<\/ul>\n\n\n\n<div style=\"height:43px\" aria-hidden=\"true\" class=\"wp-block-spacer\"><\/div>\n\n\n\n<p><strong>Ansprechpartner:<\/strong><\/p>\n\n\n\n<p>Andreas Kiefer<br>In der Oberlimbergstr. 3<br>66780 Rehlingen-Siersburg<\/p>\n\n\n\n<p>Tel.: 0171-4923 971<br><a href=\"mailto:post@karsten-nendel-stiftung.de\">post@karsten-nendel-stiftung.de<\/a><br>www.karsten-nendel-stiftung.de<\/p>\n\n\n\n<div style=\"height:42px\" aria-hidden=\"true\" class=\"wp-block-spacer\"><\/div>\n\n\n\n<p class=\"has-medium-font-size\">Downloads:<br><a href=\"https:\/\/karsten-nendel-stiftung.de\/kns\/wp-content\/uploads\/2023\/08\/Einsatzstellenbeschreibung-Karsten-Nendel-Stiftung-fuer-Naturschutz.pdf\">Einsatzstellenbeschreibung der Stiftung<\/a> (PDF)<\/p>\n\n\n\n<p class=\"has-medium-font-size\">Weitere Informationen:<\/p>\n\n\n\n<p><a href=\"https:\/\/www.saarland.de\/mukmav\/DE\/service\/foej\/foej_node.html\" target=\"_blank\" rel=\"noreferrer noopener\">Freiwilliges \u00d6kologisches Jahr &#8211; Saarland.de<\/a><br><a href=\"https:\/\/www.saarland.de\/mukmav\/DE\/service\/foej\/foejeinsatzstellen\/foejeinsatzstellen_node.html\" target=\"_blank\" rel=\"noreferrer noopener\">F\u00d6J Einsatzstellen &#8211; Saarland.de<\/a><br><a href=\"https:\/\/www.saarland.de\/mukmav\/DE\/service\/foej\/termineundbewerbungsphase\/termineundbewerbungsphase_node.html\" target=\"_blank\" rel=\"noreferrer noopener\">Termine und Bewerbungsverfahren &#8211; Saarland.de<\/a><\/p>\n","protected":false},"excerpt":{"rendered":"<p>Freiwilliges \u00f6kologisches Jahr Die Karsten-Nendel-Stiftung wurde jetzt, mit ihrem Projekt in Siersburg, auch als Einsatzstelle f\u00fcr ein Freiwilliges \u00f6kologisches Jahr (F\u00d6J) im Saarland anerkannt. Was ist das F\u00d6J? Das&nbsp;freiwillige \u00f6kologische Jahr&nbsp;(F\u00d6J) bzw. das&nbsp;Freiwillige Umweltjahr&nbsp;(FUJ) ist ein&nbsp;Freiwilligendienst&nbsp;in geeigneten Stellen und Einrichtungen, die im Bereich des&nbsp;Natur-&nbsp;und&nbsp;Umweltschutzes&nbsp;einschlie\u00dflich&#8230;<\/p>\n","protected":false},"author":2,"featured_media":0,"parent":0,"menu_order":50,"comment_status":"closed","ping_status":"closed","template":"","meta":{"give_campaign_id":0,"two_page_speed":[],"footnotes":""},"class_list":["post-596","page","type-page","status-publish","hentry"],"yoast_head":"<!-- This site is optimized with the Yoast SEO plugin v27.5 - https:\/\/yoast.com\/product\/yoast-seo-wordpress\/ -->\n<title>F\u00d6J - Karsten-Nendel-Stiftung<\/title>\n<meta name=\"description\" content=\"Freiwilliges \u00f6kologisches Jahr bei der Karsten-Nendel-Stiftung, Einsatzstelle Siersburg im Saarland. Dein aktiver Beitrag zum Umweltschutz.\" \/>\n<meta name=\"robots\" content=\"index, follow, max-snippet:-1, max-image-preview:large, max-video-preview:-1\" \/>\n<link rel=\"canonical\" href=\"https:\/\/karsten-nendel-stiftung.de\/kns\/foej\/\" \/>\n<meta property=\"og:locale\" content=\"de_DE\" \/>\n<meta property=\"og:type\" content=\"article\" \/>\n<meta property=\"og:title\" content=\"F\u00d6J - Karsten-Nendel-Stiftung\" \/>\n<meta property=\"og:description\" content=\"Freiwilliges \u00f6kologisches Jahr bei der Karsten-Nendel-Stiftung, Einsatzstelle Siersburg im Saarland. Dein aktiver Beitrag zum Umweltschutz.\" \/>\n<meta property=\"og:url\" content=\"https:\/\/karsten-nendel-stiftung.de\/kns\/foej\/\" \/>\n<meta property=\"og:site_name\" content=\"Karsten-Nendel-Stiftung\" \/>\n<meta property=\"article:modified_time\" content=\"2023-08-16T10:05:32+00:00\" \/>\n<meta property=\"og:image\" content=\"https:\/\/karsten-nendel-stiftung.de\/kns\/wp-content\/uploads\/2023\/08\/FOeJ_Anerkennung-1024x1024.jpg\" \/>\n<meta name=\"twitter:card\" content=\"summary_large_image\" \/>\n<meta name=\"twitter:label1\" content=\"Gesch\u00e4tzte Lesezeit\" \/>\n\t<meta name=\"twitter:data1\" content=\"3\u00a0Minuten\" \/>\n<script type=\"application\/ld+json\" class=\"yoast-schema-graph\">{\"@context\":\"https:\\\/\\\/schema.org\",\"@graph\":[{\"@type\":\"WebPage\",\"@id\":\"https:\\\/\\\/karsten-nendel-stiftung.de\\\/kns\\\/foej\\\/\",\"url\":\"https:\\\/\\\/karsten-nendel-stiftung.de\\\/kns\\\/foej\\\/\",\"name\":\"F\u00d6J - Karsten-Nendel-Stiftung\",\"isPartOf\":{\"@id\":\"https:\\\/\\\/karsten-nendel-stiftung.de\\\/kns\\\/#website\"},\"primaryImageOfPage\":{\"@id\":\"https:\\\/\\\/karsten-nendel-stiftung.de\\\/kns\\\/foej\\\/#primaryimage\"},\"image\":{\"@id\":\"https:\\\/\\\/karsten-nendel-stiftung.de\\\/kns\\\/foej\\\/#primaryimage\"},\"thumbnailUrl\":\"https:\\\/\\\/karsten-nendel-stiftung.de\\\/kns\\\/wp-content\\\/uploads\\\/2023\\\/08\\\/FOeJ_Anerkennung-1024x1024.jpg\",\"datePublished\":\"2023-08-09T15:55:27+00:00\",\"dateModified\":\"2023-08-16T10:05:32+00:00\",\"description\":\"Freiwilliges \u00f6kologisches Jahr bei der Karsten-Nendel-Stiftung, Einsatzstelle Siersburg im Saarland. Dein aktiver Beitrag zum Umweltschutz.\",\"breadcrumb\":{\"@id\":\"https:\\\/\\\/karsten-nendel-stiftung.de\\\/kns\\\/foej\\\/#breadcrumb\"},\"inLanguage\":\"de\",\"potentialAction\":[{\"@type\":\"ReadAction\",\"target\":[\"https:\\\/\\\/karsten-nendel-stiftung.de\\\/kns\\\/foej\\\/\"]}]},{\"@type\":\"ImageObject\",\"inLanguage\":\"de\",\"@id\":\"https:\\\/\\\/karsten-nendel-stiftung.de\\\/kns\\\/foej\\\/#primaryimage\",\"url\":\"https:\\\/\\\/karsten-nendel-stiftung.de\\\/kns\\\/wp-content\\\/uploads\\\/2023\\\/08\\\/FOeJ_Anerkennung.jpg\",\"contentUrl\":\"https:\\\/\\\/karsten-nendel-stiftung.de\\\/kns\\\/wp-content\\\/uploads\\\/2023\\\/08\\\/FOeJ_Anerkennung.jpg\",\"width\":1280,\"height\":720},{\"@type\":\"BreadcrumbList\",\"@id\":\"https:\\\/\\\/karsten-nendel-stiftung.de\\\/kns\\\/foej\\\/#breadcrumb\",\"itemListElement\":[{\"@type\":\"ListItem\",\"position\":1,\"name\":\"Startseite\",\"item\":\"https:\\\/\\\/karsten-nendel-stiftung.de\\\/kns\\\/\"},{\"@type\":\"ListItem\",\"position\":2,\"name\":\"F\u00d6J\"}]},{\"@type\":\"WebSite\",\"@id\":\"https:\\\/\\\/karsten-nendel-stiftung.de\\\/kns\\\/#website\",\"url\":\"https:\\\/\\\/karsten-nendel-stiftung.de\\\/kns\\\/\",\"name\":\"Karsten-Nendel-Stiftung\",\"description\":\"Naturschutz: F\u00fcr die Natur, mit der Natur!\",\"publisher\":{\"@id\":\"https:\\\/\\\/karsten-nendel-stiftung.de\\\/kns\\\/#organization\"},\"potentialAction\":[{\"@type\":\"SearchAction\",\"target\":{\"@type\":\"EntryPoint\",\"urlTemplate\":\"https:\\\/\\\/karsten-nendel-stiftung.de\\\/kns\\\/?s={search_term_string}\"},\"query-input\":{\"@type\":\"PropertyValueSpecification\",\"valueRequired\":true,\"valueName\":\"search_term_string\"}}],\"inLanguage\":\"de\"},{\"@type\":\"Organization\",\"@id\":\"https:\\\/\\\/karsten-nendel-stiftung.de\\\/kns\\\/#organization\",\"name\":\"Karsten-Nendel-Stiftung\",\"url\":\"https:\\\/\\\/karsten-nendel-stiftung.de\\\/kns\\\/\",\"logo\":{\"@type\":\"ImageObject\",\"inLanguage\":\"de\",\"@id\":\"https:\\\/\\\/karsten-nendel-stiftung.de\\\/kns\\\/#\\\/schema\\\/logo\\\/image\\\/\",\"url\":\"https:\\\/\\\/karsten-nendel-stiftung.de\\\/kns\\\/wp-content\\\/uploads\\\/2022\\\/05\\\/logo2-1-e1655799995143.png\",\"contentUrl\":\"https:\\\/\\\/karsten-nendel-stiftung.de\\\/kns\\\/wp-content\\\/uploads\\\/2022\\\/05\\\/logo2-1-e1655799995143.png\",\"width\":350,\"height\":207,\"caption\":\"Karsten-Nendel-Stiftung\"},\"image\":{\"@id\":\"https:\\\/\\\/karsten-nendel-stiftung.de\\\/kns\\\/#\\\/schema\\\/logo\\\/image\\\/\"}}]}<\/script>\n<!-- \/ Yoast SEO plugin. -->","yoast_head_json":{"title":"F\u00d6J - Karsten-Nendel-Stiftung","description":"Freiwilliges \u00f6kologisches Jahr bei der Karsten-Nendel-Stiftung, Einsatzstelle Siersburg im Saarland. Dein aktiver Beitrag zum Umweltschutz.","robots":{"index":"index","follow":"follow","max-snippet":"max-snippet:-1","max-image-preview":"max-image-preview:large","max-video-preview":"max-video-preview:-1"},"canonical":"https:\/\/karsten-nendel-stiftung.de\/kns\/foej\/","og_locale":"de_DE","og_type":"article","og_title":"F\u00d6J - Karsten-Nendel-Stiftung","og_description":"Freiwilliges \u00f6kologisches Jahr bei der Karsten-Nendel-Stiftung, Einsatzstelle Siersburg im Saarland. Dein aktiver Beitrag zum Umweltschutz.","og_url":"https:\/\/karsten-nendel-stiftung.de\/kns\/foej\/","og_site_name":"Karsten-Nendel-Stiftung","article_modified_time":"2023-08-16T10:05:32+00:00","og_image":[{"url":"https:\/\/karsten-nendel-stiftung.de\/kns\/wp-content\/uploads\/2023\/08\/FOeJ_Anerkennung-1024x1024.jpg","type":"","width":"","height":""}],"twitter_card":"summary_large_image","twitter_misc":{"Gesch\u00e4tzte Lesezeit":"3\u00a0Minuten"},"schema":{"@context":"https:\/\/schema.org","@graph":[{"@type":"WebPage","@id":"https:\/\/karsten-nendel-stiftung.de\/kns\/foej\/","url":"https:\/\/karsten-nendel-stiftung.de\/kns\/foej\/","name":"F\u00d6J - Karsten-Nendel-Stiftung","isPartOf":{"@id":"https:\/\/karsten-nendel-stiftung.de\/kns\/#website"},"primaryImageOfPage":{"@id":"https:\/\/karsten-nendel-stiftung.de\/kns\/foej\/#primaryimage"},"image":{"@id":"https:\/\/karsten-nendel-stiftung.de\/kns\/foej\/#primaryimage"},"thumbnailUrl":"https:\/\/karsten-nendel-stiftung.de\/kns\/wp-content\/uploads\/2023\/08\/FOeJ_Anerkennung-1024x1024.jpg","datePublished":"2023-08-09T15:55:27+00:00","dateModified":"2023-08-16T10:05:32+00:00","description":"Freiwilliges \u00f6kologisches Jahr bei der Karsten-Nendel-Stiftung, Einsatzstelle Siersburg im Saarland. Dein aktiver Beitrag zum Umweltschutz.","breadcrumb":{"@id":"https:\/\/karsten-nendel-stiftung.de\/kns\/foej\/#breadcrumb"},"inLanguage":"de","potentialAction":[{"@type":"ReadAction","target":["https:\/\/karsten-nendel-stiftung.de\/kns\/foej\/"]}]},{"@type":"ImageObject","inLanguage":"de","@id":"https:\/\/karsten-nendel-stiftung.de\/kns\/foej\/#primaryimage","url":"https:\/\/karsten-nendel-stiftung.de\/kns\/wp-content\/uploads\/2023\/08\/FOeJ_Anerkennung.jpg","contentUrl":"https:\/\/karsten-nendel-stiftung.de\/kns\/wp-content\/uploads\/2023\/08\/FOeJ_Anerkennung.jpg","width":1280,"height":720},{"@type":"BreadcrumbList","@id":"https:\/\/karsten-nendel-stiftung.de\/kns\/foej\/#breadcrumb","itemListElement":[{"@type":"ListItem","position":1,"name":"Startseite","item":"https:\/\/karsten-nendel-stiftung.de\/kns\/"},{"@type":"ListItem","position":2,"name":"F\u00d6J"}]},{"@type":"WebSite","@id":"https:\/\/karsten-nendel-stiftung.de\/kns\/#website","url":"https:\/\/karsten-nendel-stiftung.de\/kns\/","name":"Karsten-Nendel-Stiftung","description":"Naturschutz: F\u00fcr die Natur, mit der Natur!","publisher":{"@id":"https:\/\/karsten-nendel-stiftung.de\/kns\/#organization"},"potentialAction":[{"@type":"SearchAction","target":{"@type":"EntryPoint","urlTemplate":"https:\/\/karsten-nendel-stiftung.de\/kns\/?s={search_term_string}"},"query-input":{"@type":"PropertyValueSpecification","valueRequired":true,"valueName":"search_term_string"}}],"inLanguage":"de"},{"@type":"Organization","@id":"https:\/\/karsten-nendel-stiftung.de\/kns\/#organization","name":"Karsten-Nendel-Stiftung","url":"https:\/\/karsten-nendel-stiftung.de\/kns\/","logo":{"@type":"ImageObject","inLanguage":"de","@id":"https:\/\/karsten-nendel-stiftung.de\/kns\/#\/schema\/logo\/image\/","url":"https:\/\/karsten-nendel-stiftung.de\/kns\/wp-content\/uploads\/2022\/05\/logo2-1-e1655799995143.png","contentUrl":"https:\/\/karsten-nendel-stiftung.de\/kns\/wp-content\/uploads\/2022\/05\/logo2-1-e1655799995143.png","width":350,"height":207,"caption":"Karsten-Nendel-Stiftung"},"image":{"@id":"https:\/\/karsten-nendel-stiftung.de\/kns\/#\/schema\/logo\/image\/"}}]}},"campaignId":"","_links":{"self":[{"href":"https:\/\/karsten-nendel-stiftung.de\/kns\/wp-json\/wp\/v2\/pages\/596","targetHints":{"allow":["GET"]}}],"collection":[{"href":"https:\/\/karsten-nendel-stiftung.de\/kns\/wp-json\/wp\/v2\/pages"}],"about":[{"href":"https:\/\/karsten-nendel-stiftung.de\/kns\/wp-json\/wp\/v2\/types\/page"}],"author":[{"embeddable":true,"href":"https:\/\/karsten-nendel-stiftung.de\/kns\/wp-json\/wp\/v2\/users\/2"}],"replies":[{"embeddable":true,"href":"https:\/\/karsten-nendel-stiftung.de\/kns\/wp-json\/wp\/v2\/comments?post=596"}],"version-history":[{"count":9,"href":"https:\/\/karsten-nendel-stiftung.de\/kns\/wp-json\/wp\/v2\/pages\/596\/revisions"}],"predecessor-version":[{"id":646,"href":"https:\/\/karsten-nendel-stiftung.de\/kns\/wp-json\/wp\/v2\/pages\/596\/revisions\/646"}],"wp:attachment":[{"href":"https:\/\/karsten-nendel-stiftung.de\/kns\/wp-json\/wp\/v2\/media?parent=596"}],"curies":[{"name":"wp","href":"https:\/\/api.w.org\/{rel}","templated":true}]}}